{"id":40095,"date":"2025-07-04T11:15:07","date_gmt":"2025-07-04T11:15:07","guid":{"rendered":"https:\/\/www.antaraproperties.com\/obra_nueva\/ap-es-152\/"},"modified":"2025-07-11T08:45:30","modified_gmt":"2025-07-11T08:45:30","slug":"ap-es-152","status":"publish","type":"obra_nueva","link":"https:\/\/www.antaraproperties.com\/fr\/obra_nueva\/ap-es-152\/","title":{"rendered":"AP &#8211; ES &#8211; 152"},"content":{"rendered":"\t\t<div data-elementor-type=\"wp-post\" data-elementor-id=\"40095\" class=\"elementor elementor-40095 elementor-39434\" data-elementor-post-type=\"obra_nueva\">\n\t\t\t\t<div class=\"elementor-element elementor-element-9cffbc5 e-flex e-con-boxed e-con e-parent\" data-id=\"9cffbc5\" data-element_type=\"container\" data-e-type=\"container\">\n\t\t\t\t\t<div class=\"e-con-inner\">\n\t\t\t\t<div class=\"elementor-element elementor-element-7af6cb1 elementor-widget elementor-widget-image\" data-id=\"7af6cb1\" data-element_type=\"widget\" data-e-type=\"widget\" data-widget_type=\"image.default\">\n\t\t\t\t<div class=\"elementor-widget-container\">\n\t\t\t\t\t\t\t\t\t\t\t\t\t\t\t<img fetchpriority=\"high\" decoding=\"async\" width=\"1024\" height=\"606\" src=\"https:\/\/www.antaraproperties.com\/wp-content\/uploads\/2025\/07\/image1743441584-1-1024x606.jpg\" class=\"attachment-large size-large wp-image-39476\" alt=\"\" srcset=\"https:\/\/www.antaraproperties.com\/wp-content\/uploads\/2025\/07\/image1743441584-1-1024x606.jpg 1024w, https:\/\/www.antaraproperties.com\/wp-content\/uploads\/2025\/07\/image1743441584-1-300x178.jpg 300w, https:\/\/www.antaraproperties.com\/wp-content\/uploads\/2025\/07\/image1743441584-1-768x454.jpg 768w, https:\/\/www.antaraproperties.com\/wp-content\/uploads\/2025\/07\/image1743441584-1-1536x909.jpg 1536w, https:\/\/www.antaraproperties.com\/wp-content\/uploads\/2025\/07\/image1743441584-1.jpg 1920w\" sizes=\"(max-width: 1024px) 100vw, 1024px\" \/>\t\t\t\t\t\t\t\t\t\t\t\t\t\t\t<\/div>\n\t\t\t\t<\/div>\n\t\t\t\t\t<\/div>\n\t\t\t\t<\/div>\n\t\t\t\t<section class=\"elementor-section elementor-top-section elementor-element elementor-element-f19e2e9 elementor-section-full_width elementor-section-height-default elementor-section-height-default\" data-id=\"f19e2e9\" data-element_type=\"section\" data-e-type=\"section\">\n\t\t\t\t\t\t<div class=\"elementor-container elementor-column-gap-no\">\n\t\t\t\t\t<div class=\"elementor-column elementor-col-100 elementor-top-column elementor-element elementor-element-44321bf\" data-id=\"44321bf\" data-element_type=\"column\" data-e-type=\"column\">\n\t\t\t<div class=\"elementor-widget-wrap\">\n\t\t\t\t\t\t\t<\/div>\n\t\t<\/div>\n\t\t\t\t\t<\/div>\n\t\t<\/section>\n\t\t\t\t<section class=\"elementor-section elementor-top-section elementor-element elementor-element-7ce2249 elementor-section-boxed elementor-section-height-default elementor-section-height-default\" data-id=\"7ce2249\" data-element_type=\"section\" data-e-type=\"section\">\n\t\t\t\t\t\t<div class=\"elementor-container elementor-column-gap-default\">\n\t\t\t\t\t<div class=\"elementor-column elementor-col-25 elementor-top-column elementor-element elementor-element-56c2ab4\" data-id=\"56c2ab4\" data-element_type=\"column\" data-e-type=\"column\">\n\t\t\t<div class=\"elementor-widget-wrap elementor-element-populated\">\n\t\t\t\t\t\t<div class=\"elementor-element elementor-element-a3785d5 elementor-view-default elementor-position-block-start elementor-mobile-position-block-start elementor-widget elementor-widget-icon-box\" data-id=\"a3785d5\" data-element_type=\"widget\" data-e-type=\"widget\" data-widget_type=\"icon-box.default\">\n\t\t\t\t<div class=\"elementor-widget-container\">\n\t\t\t\t\t\t\t<div class=\"elementor-icon-box-wrapper\">\n\n\t\t\t\t\t\t<div class=\"elementor-icon-box-icon\">\n\t\t\t\t<span  class=\"elementor-icon\">\n\t\t\t\t<i aria-hidden=\"true\" class=\"fas fa-euro-sign\"><\/i>\t\t\t\t<\/span>\n\t\t\t<\/div>\n\t\t\t\n\t\t\t\t\t\t<div class=\"elementor-icon-box-content\">\n\n\t\t\t\t\t\t\t\t\t<h3 class=\"elementor-icon-box-title\">\n\t\t\t\t\t\t<span  >\n\t\t\t\t\t\t\tA partir de 1.250.000\t\t\t\t\t\t<\/span>\n\t\t\t\t\t<\/h3>\n\t\t\t\t\n\t\t\t\t\n\t\t\t<\/div>\n\t\t\t\n\t\t<\/div>\n\t\t\t\t\t\t<\/div>\n\t\t\t\t<\/div>\n\t\t\t\t\t<\/div>\n\t\t<\/div>\n\t\t\t\t<div class=\"elementor-column elementor-col-25 elementor-top-column elementor-element elementor-element-ee22ae3\" data-id=\"ee22ae3\" data-element_type=\"column\" data-e-type=\"column\">\n\t\t\t<div class=\"elementor-widget-wrap elementor-element-populated\">\n\t\t\t\t\t\t<div class=\"elementor-element elementor-element-327c05ff elementor-view-default elementor-position-block-start elementor-mobile-position-block-start elementor-widget elementor-widget-icon-box\" data-id=\"327c05ff\" data-element_type=\"widget\" data-e-type=\"widget\" data-widget_type=\"icon-box.default\">\n\t\t\t\t<div class=\"elementor-widget-container\">\n\t\t\t\t\t\t\t<div class=\"elementor-icon-box-wrapper\">\n\n\t\t\t\t\t\t<div class=\"elementor-icon-box-icon\">\n\t\t\t\t<span  class=\"elementor-icon\">\n\t\t\t\t<i aria-hidden=\"true\" class=\"fas fa-ruler-combined\"><\/i>\t\t\t\t<\/span>\n\t\t\t<\/div>\n\t\t\t\n\t\t\t\t\t\t<div class=\"elementor-icon-box-content\">\n\n\t\t\t\t\t\t\t\t\t<h3 class=\"elementor-icon-box-title\">\n\t\t\t\t\t\t<span  >\n\t\t\t\t\t\t\t144.00 M2\t\t\t\t\t\t<\/span>\n\t\t\t\t\t<\/h3>\n\t\t\t\t\n\t\t\t\t\n\t\t\t<\/div>\n\t\t\t\n\t\t<\/div>\n\t\t\t\t\t\t<\/div>\n\t\t\t\t<\/div>\n\t\t\t\t\t<\/div>\n\t\t<\/div>\n\t\t\t\t<div class=\"elementor-column elementor-col-25 elementor-top-column elementor-element elementor-element-6c66110\" data-id=\"6c66110\" data-element_type=\"column\" data-e-type=\"column\">\n\t\t\t<div class=\"elementor-widget-wrap elementor-element-populated\">\n\t\t\t\t\t\t<div class=\"elementor-element elementor-element-7f9b0f24 elementor-view-default elementor-position-block-start elementor-mobile-position-block-start elementor-widget elementor-widget-icon-box\" data-id=\"7f9b0f24\" data-element_type=\"widget\" data-e-type=\"widget\" data-widget_type=\"icon-box.default\">\n\t\t\t\t<div class=\"elementor-widget-container\">\n\t\t\t\t\t\t\t<div class=\"elementor-icon-box-wrapper\">\n\n\t\t\t\t\t\t<div class=\"elementor-icon-box-icon\">\n\t\t\t\t<span  class=\"elementor-icon\">\n\t\t\t\t<i aria-hidden=\"true\" class=\"fas fa-bed\"><\/i>\t\t\t\t<\/span>\n\t\t\t<\/div>\n\t\t\t\n\t\t\t\t\t\t<div class=\"elementor-icon-box-content\">\n\n\t\t\t\t\t\t\t\t\t<h3 class=\"elementor-icon-box-title\">\n\t\t\t\t\t\t<span  >\n\t\t\t\t\t\t\t3 Chambres\t\t\t\t\t\t<\/span>\n\t\t\t\t\t<\/h3>\n\t\t\t\t\n\t\t\t\t\n\t\t\t<\/div>\n\t\t\t\n\t\t<\/div>\n\t\t\t\t\t\t<\/div>\n\t\t\t\t<\/div>\n\t\t\t\t\t<\/div>\n\t\t<\/div>\n\t\t\t\t<div class=\"elementor-column elementor-col-25 elementor-top-column elementor-element elementor-element-41e8799\" data-id=\"41e8799\" data-element_type=\"column\" data-e-type=\"column\">\n\t\t\t<div class=\"elementor-widget-wrap elementor-element-populated\">\n\t\t\t\t\t\t<div class=\"elementor-element elementor-element-9b87358 elementor-view-default elementor-position-block-start elementor-mobile-position-block-start elementor-widget elementor-widget-icon-box\" data-id=\"9b87358\" data-element_type=\"widget\" data-e-type=\"widget\" data-widget_type=\"icon-box.default\">\n\t\t\t\t<div class=\"elementor-widget-container\">\n\t\t\t\t\t\t\t<div class=\"elementor-icon-box-wrapper\">\n\n\t\t\t\t\t\t<div class=\"elementor-icon-box-icon\">\n\t\t\t\t<span  class=\"elementor-icon\">\n\t\t\t\t<i aria-hidden=\"true\" class=\"fas fa-shower\"><\/i>\t\t\t\t<\/span>\n\t\t\t<\/div>\n\t\t\t\n\t\t\t\t\t\t<div class=\"elementor-icon-box-content\">\n\n\t\t\t\t\t\t\t\t\t<h3 class=\"elementor-icon-box-title\">\n\t\t\t\t\t\t<span  >\n\t\t\t\t\t\t\t3 Salle de bains\t\t\t\t\t\t<\/span>\n\t\t\t\t\t<\/h3>\n\t\t\t\t\n\t\t\t\t\n\t\t\t<\/div>\n\t\t\t\n\t\t<\/div>\n\t\t\t\t\t\t<\/div>\n\t\t\t\t<\/div>\n\t\t\t\t\t<\/div>\n\t\t<\/div>\n\t\t\t\t\t<\/div>\n\t\t<\/section>\n\t\t\t\t<section class=\"elementor-section elementor-top-section elementor-element elementor-element-36711c0c elementor-section-boxed elementor-section-height-default elementor-section-height-default\" data-id=\"36711c0c\" data-element_type=\"section\" data-e-type=\"section\">\n\t\t\t\t\t\t<div class=\"elementor-container elementor-column-gap-custom\">\n\t\t\t\t\t<div class=\"elementor-column elementor-col-100 elementor-top-column elementor-element elementor-element-3e4ce9ac\" data-id=\"3e4ce9ac\" data-element_type=\"column\" data-e-type=\"column\">\n\t\t\t<div class=\"elementor-widget-wrap elementor-element-populated\">\n\t\t\t\t\t\t<div class=\"elementor-element elementor-element-6d9fb156 elementor-widget elementor-widget-heading\" data-id=\"6d9fb156\" data-element_type=\"widget\" data-e-type=\"widget\" data-widget_type=\"heading.default\">\n\t\t\t\t<div class=\"elementor-widget-container\">\n\t\t\t\t\t<h2 class=\"elementor-heading-title elementor-size-default\">AP-ES-152<\/h2>\t\t\t\t<\/div>\n\t\t\t\t<\/div>\n\t\t\t\t<div class=\"elementor-element elementor-element-572ad9a0 elementor-widget__width-initial elementor-invisible elementor-widget elementor-widget-text-editor\" data-id=\"572ad9a0\" data-element_type=\"widget\" data-e-type=\"widget\" data-settings=\"{&quot;_animation&quot;:&quot;fadeIn&quot;,&quot;_animation_delay&quot;:50}\" data-widget_type=\"text-editor.default\">\n\t\t\t\t<div class=\"elementor-widget-container\">\n\t\t\t\t\t\t\t\t\t<p data-start=\"98\" data-end=\"384\">Cette spectaculaire villa moderne avec piscine est situ\u00e9e dans un quartier r\u00e9sidentiel exclusif et calme, \u00e0 proximit\u00e9 du El Para\u00edso Golf Club. Orient\u00e9e plein sud et implant\u00e9e sur un grand terrain plat de 2\u202f100\u202fm\u00b2, elle offre un cadre id\u00e9al pour profiter du style de vie m\u00e9diterran\u00e9en.<\/p><p data-start=\"386\" data-end=\"758\">La propri\u00e9t\u00e9 se distingue par des qualit\u00e9s et mat\u00e9riaux luxueux, incluant un \u00e9clairage soigneusement \u00e9tudi\u00e9, un chauffage au sol dans toute la maison, un syst\u00e8me a\u00e9rothermique, une domotique avanc\u00e9e, des appareils \u00e9lectrom\u00e9nagers haut de gamme, plusieurs murs d\u00e9cor\u00e9s de papiers peints, de grandes fen\u00eatres avec rideaux automatiques et un am\u00e9nagement paysager minutieux.<\/p><p data-start=\"760\" data-end=\"1395\">Au rez-de-chauss\u00e9e se trouvent trois grandes chambres avec salles de bains en suite, une cuisine moderne et tr\u00e8s agr\u00e9able en plan ouvert ainsi qu\u2019un WC invit\u00e9s. \u00c0 l\u2019\u00e9tage se trouve la majestueuse suite parentale avec une \u00e9l\u00e9gante salle de bains ouverte, un spacieux dressing et une terrasse priv\u00e9e avec une vue magnifique sur le jardin et l\u2019horizon.<br data-start=\"1109\" data-end=\"1112\" \/>Le lumineux sous-sol de 96\u202fm\u00b2 avec fen\u00eatres et acc\u00e8s \u00e0 un grand patio anglais comprend un garage pour deux v\u00e9hicules et un grand espace ouvert qui peut \u00eatre parfaitement am\u00e9nag\u00e9 selon vos besoins\u202f: salle de jeux, home cin\u00e9ma, salle de sport, cave \u00e0 vin ou chambres suppl\u00e9mentaires.<\/p><p data-start=\"1397\" data-end=\"1656\">La villa dispose d\u2019un grand espace ext\u00e9rieur avec un jardin soign\u00e9, une vaste piscine et un coin d\u00e9tente chaleureux.<br data-start=\"1513\" data-end=\"1516\" \/>La terrasse, gr\u00e2ce \u00e0 ses g\u00e9n\u00e9reuses dimensions, permet de cr\u00e9er diff\u00e9rentes ambiances et de profiter de la vie en plein air toute l\u2019ann\u00e9e.<\/p><p data-start=\"1658\" data-end=\"1943\">Situ\u00e9e dans un environnement naturel privil\u00e9gi\u00e9 sur la New Golden Mile, entour\u00e9e de golfs de renomm\u00e9e internationale, d\u2019\u00e9coles publiques et de tous les services n\u00e9cessaires, elle offre une excellente opportunit\u00e9 pour y vivre toute l\u2019ann\u00e9e ou passer de longs s\u00e9jours. Pr\u00eate \u00e0 emm\u00e9nager.<\/p>\t\t\t\t\t\t\t\t<\/div>\n\t\t\t\t<\/div>\n\t\t\t\t<div class=\"elementor-element elementor-element-4683dff elementor-align-justify elementor-widget elementor-widget-button\" data-id=\"4683dff\" data-element_type=\"widget\" data-e-type=\"widget\" data-widget_type=\"button.default\">\n\t\t\t\t<div class=\"elementor-widget-container\">\n\t\t\t\t\t\t\t\t\t<div class=\"elementor-button-wrapper\">\n\t\t\t\t\t<a class=\"elementor-button elementor-button-link elementor-size-md\" href=\"#contact\">\n\t\t\t\t\t\t<span class=\"elementor-button-content-wrapper\">\n\t\t\t\t\t\t\t\t\t<span class=\"elementor-button-text\">PLUS D'INFORMATIONS<\/span>\n\t\t\t\t\t<\/span>\n\t\t\t\t\t<\/a>\n\t\t\t\t<\/div>\n\t\t\t\t\t\t\t\t<\/div>\n\t\t\t\t<\/div>\n\t\t\t\t\t<\/div>\n\t\t<\/div>\n\t\t\t\t\t<\/div>\n\t\t<\/section>\n\t\t\t\t<section class=\"elementor-section elementor-top-section elementor-element elementor-element-addef10 elementor-section-full_width elementor-hidden-tablet elementor-hidden-mobile elementor-section-height-default elementor-section-height-default\" data-id=\"addef10\" data-element_type=\"section\" data-e-type=\"section\">\n\t\t\t\t\t\t<div class=\"elementor-container elementor-column-gap-default\">\n\t\t\t\t\t<div class=\"elementor-column elementor-col-100 elementor-top-column elementor-element elementor-element-00951d3\" data-id=\"00951d3\" data-element_type=\"column\" data-e-type=\"column\">\n\t\t\t<div class=\"elementor-widget-wrap\">\n\t\t\t\t\t\t\t<\/div>\n\t\t<\/div>\n\t\t\t\t\t<\/div>\n\t\t<\/section>\n\t\t\t\t<section class=\"elementor-section elementor-top-section elementor-element elementor-element-c04e287 elementor-section-boxed elementor-section-height-default elementor-section-height-default\" data-id=\"c04e287\" data-element_type=\"section\" data-e-type=\"section\" id=\"contact\">\n\t\t\t\t\t\t<div class=\"elementor-container elementor-column-gap-default\">\n\t\t\t\t\t<div class=\"elementor-column elementor-col-100 elementor-top-column elementor-element elementor-element-3e80da4\" data-id=\"3e80da4\" data-element_type=\"column\" data-e-type=\"column\">\n\t\t\t<div class=\"elementor-widget-wrap elementor-element-populated\">\n\t\t\t\t\t\t<div class=\"elementor-element elementor-element-be51ba2 elementor-widget elementor-widget-heading\" data-id=\"be51ba2\" data-element_type=\"widget\" data-e-type=\"widget\" data-widget_type=\"heading.default\">\n\t\t\t\t<div class=\"elementor-widget-container\">\n\t\t\t\t\t<h2 class=\"elementor-heading-title elementor-size-default\">Si vous avez besoin de plus d'informations, contactez-nous via le formulaire suivant, nous serons heureux de vous aider.<\/h2>\t\t\t\t<\/div>\n\t\t\t\t<\/div>\n\t\t\t\t<div class=\"elementor-element elementor-element-8c84740 gallery-spacing-custom elementor-widget elementor-widget-image-gallery\" data-id=\"8c84740\" data-element_type=\"widget\" data-e-type=\"widget\" data-widget_type=\"image-gallery.default\">\n\t\t\t\t<div class=\"elementor-widget-container\">\n\t\t\t\t\t\t\t<div class=\"elementor-image-gallery\">\n\t\t\t\n\t\t<style type=\"text\/css\">\n\t\t\t#gallery-1 {\n\t\t\t\tmargin: auto;\n\t\t\t}\n\t\t\t#gallery-1 .gallery-item {\n\t\t\t\tfloat: left;\n\t\t\t\tmargin-top: 10px;\n\t\t\t\ttext-align: center;\n\t\t\t\twidth: 25%;\n\t\t\t}\n\t\t\t#gallery-1 img {\n\t\t\t\tborder: 2px solid #cfcfcf;\n\t\t\t}\n\t\t\t#gallery-1 .gallery-caption {\n\t\t\t\tmargin-left: 0;\n\t\t\t}\n\t\t\t\/* see gallery_shortcode() in wp-includes\/media.php *\/\n\t\t<\/style>\n\t\t<div id='gallery-1' class='gallery galleryid-40095 gallery-columns-4 gallery-size-full'><dl class='gallery-item'>\n\t\t\t<dt class='gallery-icon landscape'>\n\t\t\t\t<a data-elementor-open-lightbox=\"yes\" data-elementor-lightbox-slideshow=\"8c84740\" data-elementor-lightbox-title=\"balcon-del-mediterraneo-1\" data-e-action-hash=\"#elementor-action%3Aaction%3Dlightbox%26settings%3DeyJpZCI6Mzk0NDAsInVybCI6Imh0dHBzOlwvXC93d3cuYW50YXJhcHJvcGVydGllcy5jb21cL3dwLWNvbnRlbnRcL3VwbG9hZHNcLzIwMjVcLzA3XC9iYWxjb24tZGVsLW1lZGl0ZXJyYW5lby0xLXNjYWxlZC5qcGciLCJzbGlkZXNob3ciOiI4Yzg0NzQwIn0%3D\" href='https:\/\/www.antaraproperties.com\/wp-content\/uploads\/2025\/07\/balcon-del-mediterraneo-1-scaled.jpg'><img decoding=\"async\" width=\"2560\" height=\"1811\" src=\"https:\/\/www.antaraproperties.com\/wp-content\/uploads\/2025\/07\/balcon-del-mediterraneo-1-scaled.jpg\" class=\"attachment-full size-full\" alt=\"\" srcset=\"https:\/\/www.antaraproperties.com\/wp-content\/uploads\/2025\/07\/balcon-del-mediterraneo-1-scaled.jpg 2560w, https:\/\/www.antaraproperties.com\/wp-content\/uploads\/2025\/07\/balcon-del-mediterraneo-1-300x212.jpg 300w, https:\/\/www.antaraproperties.com\/wp-content\/uploads\/2025\/07\/balcon-del-mediterraneo-1-1024x724.jpg 1024w, https:\/\/www.antaraproperties.com\/wp-content\/uploads\/2025\/07\/balcon-del-mediterraneo-1-768x543.jpg 768w, https:\/\/www.antaraproperties.com\/wp-content\/uploads\/2025\/07\/balcon-del-mediterraneo-1-1536x1086.jpg 1536w, https:\/\/www.antaraproperties.com\/wp-content\/uploads\/2025\/07\/balcon-del-mediterraneo-1-2048x1448.jpg 2048w\" sizes=\"(max-width: 2560px) 100vw, 2560px\" \/><\/a>\n\t\t\t<\/dt><\/dl><dl class='gallery-item'>\n\t\t\t<dt class='gallery-icon landscape'>\n\t\t\t\t<a data-elementor-open-lightbox=\"yes\" data-elementor-lightbox-slideshow=\"8c84740\" data-elementor-lightbox-title=\"balcon-del-mediterraneo-2\" data-e-action-hash=\"#elementor-action%3Aaction%3Dlightbox%26settings%3DeyJpZCI6Mzk0NDMsInVybCI6Imh0dHBzOlwvXC93d3cuYW50YXJhcHJvcGVydGllcy5jb21cL3dwLWNvbnRlbnRcL3VwbG9hZHNcLzIwMjVcLzA3XC9iYWxjb24tZGVsLW1lZGl0ZXJyYW5lby0yLXNjYWxlZC5qcGciLCJzbGlkZXNob3ciOiI4Yzg0NzQwIn0%3D\" href='https:\/\/www.antaraproperties.com\/wp-content\/uploads\/2025\/07\/balcon-del-mediterraneo-2-scaled.jpg'><img decoding=\"async\" width=\"2560\" height=\"1280\" src=\"https:\/\/www.antaraproperties.com\/wp-content\/uploads\/2025\/07\/balcon-del-mediterraneo-2-scaled.jpg\" class=\"attachment-full size-full\" alt=\"\" srcset=\"https:\/\/www.antaraproperties.com\/wp-content\/uploads\/2025\/07\/balcon-del-mediterraneo-2-scaled.jpg 2560w, https:\/\/www.antaraproperties.com\/wp-content\/uploads\/2025\/07\/balcon-del-mediterraneo-2-300x150.jpg 300w, https:\/\/www.antaraproperties.com\/wp-content\/uploads\/2025\/07\/balcon-del-mediterraneo-2-1024x512.jpg 1024w, https:\/\/www.antaraproperties.com\/wp-content\/uploads\/2025\/07\/balcon-del-mediterraneo-2-768x384.jpg 768w, https:\/\/www.antaraproperties.com\/wp-content\/uploads\/2025\/07\/balcon-del-mediterraneo-2-1536x768.jpg 1536w, https:\/\/www.antaraproperties.com\/wp-content\/uploads\/2025\/07\/balcon-del-mediterraneo-2-2048x1024.jpg 2048w\" sizes=\"(max-width: 2560px) 100vw, 2560px\" \/><\/a>\n\t\t\t<\/dt><\/dl><dl class='gallery-item'>\n\t\t\t<dt class='gallery-icon landscape'>\n\t\t\t\t<a data-elementor-open-lightbox=\"yes\" data-elementor-lightbox-slideshow=\"8c84740\" data-elementor-lightbox-title=\"balcon-del-mediterraneo-3\" data-e-action-hash=\"#elementor-action%3Aaction%3Dlightbox%26settings%3DeyJpZCI6Mzk0NDYsInVybCI6Imh0dHBzOlwvXC93d3cuYW50YXJhcHJvcGVydGllcy5jb21cL3dwLWNvbnRlbnRcL3VwbG9hZHNcLzIwMjVcLzA3XC9iYWxjb24tZGVsLW1lZGl0ZXJyYW5lby0zLXNjYWxlZC5qcGciLCJzbGlkZXNob3ciOiI4Yzg0NzQwIn0%3D\" href='https:\/\/www.antaraproperties.com\/wp-content\/uploads\/2025\/07\/balcon-del-mediterraneo-3-scaled.jpg'><img loading=\"lazy\" decoding=\"async\" width=\"2560\" height=\"1280\" src=\"https:\/\/www.antaraproperties.com\/wp-content\/uploads\/2025\/07\/balcon-del-mediterraneo-3-scaled.jpg\" class=\"attachment-full size-full\" alt=\"\" srcset=\"https:\/\/www.antaraproperties.com\/wp-content\/uploads\/2025\/07\/balcon-del-mediterraneo-3-scaled.jpg 2560w, https:\/\/www.antaraproperties.com\/wp-content\/uploads\/2025\/07\/balcon-del-mediterraneo-3-300x150.jpg 300w, https:\/\/www.antaraproperties.com\/wp-content\/uploads\/2025\/07\/balcon-del-mediterraneo-3-1024x512.jpg 1024w, https:\/\/www.antaraproperties.com\/wp-content\/uploads\/2025\/07\/balcon-del-mediterraneo-3-768x384.jpg 768w, https:\/\/www.antaraproperties.com\/wp-content\/uploads\/2025\/07\/balcon-del-mediterraneo-3-1536x768.jpg 1536w, https:\/\/www.antaraproperties.com\/wp-content\/uploads\/2025\/07\/balcon-del-mediterraneo-3-2048x1024.jpg 2048w\" sizes=\"(max-width: 2560px) 100vw, 2560px\" \/><\/a>\n\t\t\t<\/dt><\/dl><dl class='gallery-item'>\n\t\t\t<dt class='gallery-icon landscape'>\n\t\t\t\t<a data-elementor-open-lightbox=\"yes\" data-elementor-lightbox-slideshow=\"8c84740\" data-elementor-lightbox-title=\"balcon-del-mediterraneo-4\" data-e-action-hash=\"#elementor-action%3Aaction%3Dlightbox%26settings%3DeyJpZCI6Mzk0NDksInVybCI6Imh0dHBzOlwvXC93d3cuYW50YXJhcHJvcGVydGllcy5jb21cL3dwLWNvbnRlbnRcL3VwbG9hZHNcLzIwMjVcLzA3XC9iYWxjb24tZGVsLW1lZGl0ZXJyYW5lby00LXNjYWxlZC5qcGciLCJzbGlkZXNob3ciOiI4Yzg0NzQwIn0%3D\" href='https:\/\/www.antaraproperties.com\/wp-content\/uploads\/2025\/07\/balcon-del-mediterraneo-4-scaled.jpg'><img loading=\"lazy\" decoding=\"async\" width=\"2560\" height=\"2560\" src=\"https:\/\/www.antaraproperties.com\/wp-content\/uploads\/2025\/07\/balcon-del-mediterraneo-4-scaled.jpg\" class=\"attachment-full size-full\" alt=\"\" srcset=\"https:\/\/www.antaraproperties.com\/wp-content\/uploads\/2025\/07\/balcon-del-mediterraneo-4-scaled.jpg 2560w, https:\/\/www.antaraproperties.com\/wp-content\/uploads\/2025\/07\/balcon-del-mediterraneo-4-300x300.jpg 300w, https:\/\/www.antaraproperties.com\/wp-content\/uploads\/2025\/07\/balcon-del-mediterraneo-4-1024x1024.jpg 1024w, https:\/\/www.antaraproperties.com\/wp-content\/uploads\/2025\/07\/balcon-del-mediterraneo-4-150x150.jpg 150w, https:\/\/www.antaraproperties.com\/wp-content\/uploads\/2025\/07\/balcon-del-mediterraneo-4-768x768.jpg 768w, https:\/\/www.antaraproperties.com\/wp-content\/uploads\/2025\/07\/balcon-del-mediterraneo-4-1536x1536.jpg 1536w, https:\/\/www.antaraproperties.com\/wp-content\/uploads\/2025\/07\/balcon-del-mediterraneo-4-2048x2048.jpg 2048w, https:\/\/www.antaraproperties.com\/wp-content\/uploads\/2025\/07\/balcon-del-mediterraneo-4-120x120.jpg 120w, https:\/\/www.antaraproperties.com\/wp-content\/uploads\/2025\/07\/balcon-del-mediterraneo-4-45x45.jpg 45w, https:\/\/www.antaraproperties.com\/wp-content\/uploads\/2025\/07\/balcon-del-mediterraneo-4-36x36.jpg 36w\" sizes=\"(max-width: 2560px) 100vw, 2560px\" \/><\/a>\n\t\t\t<\/dt><\/dl><br style=\"clear: both\" \/><dl class='gallery-item'>\n\t\t\t<dt class='gallery-icon landscape'>\n\t\t\t\t<a data-elementor-open-lightbox=\"yes\" data-elementor-lightbox-slideshow=\"8c84740\" data-elementor-lightbox-title=\"balcon-del-mediterraneo-6\" data-e-action-hash=\"#elementor-action%3Aaction%3Dlightbox%26settings%3DeyJpZCI6Mzk0NTIsInVybCI6Imh0dHBzOlwvXC93d3cuYW50YXJhcHJvcGVydGllcy5jb21cL3dwLWNvbnRlbnRcL3VwbG9hZHNcLzIwMjVcLzA3XC9iYWxjb24tZGVsLW1lZGl0ZXJyYW5lby02LXNjYWxlZC5qcGciLCJzbGlkZXNob3ciOiI4Yzg0NzQwIn0%3D\" href='https:\/\/www.antaraproperties.com\/wp-content\/uploads\/2025\/07\/balcon-del-mediterraneo-6-scaled.jpg'><img loading=\"lazy\" decoding=\"async\" width=\"2560\" height=\"1600\" src=\"https:\/\/www.antaraproperties.com\/wp-content\/uploads\/2025\/07\/balcon-del-mediterraneo-6-scaled.jpg\" class=\"attachment-full size-full\" alt=\"\" srcset=\"https:\/\/www.antaraproperties.com\/wp-content\/uploads\/2025\/07\/balcon-del-mediterraneo-6-scaled.jpg 2560w, https:\/\/www.antaraproperties.com\/wp-content\/uploads\/2025\/07\/balcon-del-mediterraneo-6-300x188.jpg 300w, https:\/\/www.antaraproperties.com\/wp-content\/uploads\/2025\/07\/balcon-del-mediterraneo-6-1024x640.jpg 1024w, https:\/\/www.antaraproperties.com\/wp-content\/uploads\/2025\/07\/balcon-del-mediterraneo-6-768x480.jpg 768w, https:\/\/www.antaraproperties.com\/wp-content\/uploads\/2025\/07\/balcon-del-mediterraneo-6-1536x960.jpg 1536w, https:\/\/www.antaraproperties.com\/wp-content\/uploads\/2025\/07\/balcon-del-mediterraneo-6-2048x1280.jpg 2048w, https:\/\/www.antaraproperties.com\/wp-content\/uploads\/2025\/07\/balcon-del-mediterraneo-6-525x328.jpg 525w\" sizes=\"(max-width: 2560px) 100vw, 2560px\" \/><\/a>\n\t\t\t<\/dt><\/dl><dl class='gallery-item'>\n\t\t\t<dt class='gallery-icon landscape'>\n\t\t\t\t<a data-elementor-open-lightbox=\"yes\" data-elementor-lightbox-slideshow=\"8c84740\" data-elementor-lightbox-title=\"balcon-del-mediterraneo-7\" data-e-action-hash=\"#elementor-action%3Aaction%3Dlightbox%26settings%3DeyJpZCI6Mzk0NTUsInVybCI6Imh0dHBzOlwvXC93d3cuYW50YXJhcHJvcGVydGllcy5jb21cL3dwLWNvbnRlbnRcL3VwbG9hZHNcLzIwMjVcLzA3XC9iYWxjb24tZGVsLW1lZGl0ZXJyYW5lby03LXNjYWxlZC5qcGciLCJzbGlkZXNob3ciOiI4Yzg0NzQwIn0%3D\" href='https:\/\/www.antaraproperties.com\/wp-content\/uploads\/2025\/07\/balcon-del-mediterraneo-7-scaled.jpg'><img loading=\"lazy\" decoding=\"async\" width=\"2560\" height=\"1811\" src=\"https:\/\/www.antaraproperties.com\/wp-content\/uploads\/2025\/07\/balcon-del-mediterraneo-7-scaled.jpg\" class=\"attachment-full size-full\" alt=\"\" srcset=\"https:\/\/www.antaraproperties.com\/wp-content\/uploads\/2025\/07\/balcon-del-mediterraneo-7-scaled.jpg 2560w, https:\/\/www.antaraproperties.com\/wp-content\/uploads\/2025\/07\/balcon-del-mediterraneo-7-300x212.jpg 300w, https:\/\/www.antaraproperties.com\/wp-content\/uploads\/2025\/07\/balcon-del-mediterraneo-7-1024x724.jpg 1024w, https:\/\/www.antaraproperties.com\/wp-content\/uploads\/2025\/07\/balcon-del-mediterraneo-7-768x543.jpg 768w, https:\/\/www.antaraproperties.com\/wp-content\/uploads\/2025\/07\/balcon-del-mediterraneo-7-1536x1086.jpg 1536w, https:\/\/www.antaraproperties.com\/wp-content\/uploads\/2025\/07\/balcon-del-mediterraneo-7-2048x1448.jpg 2048w\" sizes=\"(max-width: 2560px) 100vw, 2560px\" \/><\/a>\n\t\t\t<\/dt><\/dl><dl class='gallery-item'>\n\t\t\t<dt class='gallery-icon landscape'>\n\t\t\t\t<a data-elementor-open-lightbox=\"yes\" data-elementor-lightbox-slideshow=\"8c84740\" data-elementor-lightbox-title=\"balcon-del-mediterraneo-8\" data-e-action-hash=\"#elementor-action%3Aaction%3Dlightbox%26settings%3DeyJpZCI6Mzk0NTgsInVybCI6Imh0dHBzOlwvXC93d3cuYW50YXJhcHJvcGVydGllcy5jb21cL3dwLWNvbnRlbnRcL3VwbG9hZHNcLzIwMjVcLzA3XC9iYWxjb24tZGVsLW1lZGl0ZXJyYW5lby04LXNjYWxlZC5qcGciLCJzbGlkZXNob3ciOiI4Yzg0NzQwIn0%3D\" href='https:\/\/www.antaraproperties.com\/wp-content\/uploads\/2025\/07\/balcon-del-mediterraneo-8-scaled.jpg'><img loading=\"lazy\" decoding=\"async\" width=\"2560\" height=\"1138\" src=\"https:\/\/www.antaraproperties.com\/wp-content\/uploads\/2025\/07\/balcon-del-mediterraneo-8-scaled.jpg\" class=\"attachment-full size-full\" alt=\"\" srcset=\"https:\/\/www.antaraproperties.com\/wp-content\/uploads\/2025\/07\/balcon-del-mediterraneo-8-scaled.jpg 2560w, https:\/\/www.antaraproperties.com\/wp-content\/uploads\/2025\/07\/balcon-del-mediterraneo-8-300x133.jpg 300w, https:\/\/www.antaraproperties.com\/wp-content\/uploads\/2025\/07\/balcon-del-mediterraneo-8-1024x455.jpg 1024w, https:\/\/www.antaraproperties.com\/wp-content\/uploads\/2025\/07\/balcon-del-mediterraneo-8-768x341.jpg 768w, https:\/\/www.antaraproperties.com\/wp-content\/uploads\/2025\/07\/balcon-del-mediterraneo-8-1536x683.jpg 1536w, https:\/\/www.antaraproperties.com\/wp-content\/uploads\/2025\/07\/balcon-del-mediterraneo-8-2048x910.jpg 2048w\" sizes=\"(max-width: 2560px) 100vw, 2560px\" \/><\/a>\n\t\t\t<\/dt><\/dl><dl class='gallery-item'>\n\t\t\t<dt class='gallery-icon landscape'>\n\t\t\t\t<a data-elementor-open-lightbox=\"yes\" data-elementor-lightbox-slideshow=\"8c84740\" data-elementor-lightbox-title=\"balcon-del-mediterraneo-9\" data-e-action-hash=\"#elementor-action%3Aaction%3Dlightbox%26settings%3DeyJpZCI6Mzk0NjEsInVybCI6Imh0dHBzOlwvXC93d3cuYW50YXJhcHJvcGVydGllcy5jb21cL3dwLWNvbnRlbnRcL3VwbG9hZHNcLzIwMjVcLzA3XC9iYWxjb24tZGVsLW1lZGl0ZXJyYW5lby05LXNjYWxlZC5qcGciLCJzbGlkZXNob3ciOiI4Yzg0NzQwIn0%3D\" href='https:\/\/www.antaraproperties.com\/wp-content\/uploads\/2025\/07\/balcon-del-mediterraneo-9-scaled.jpg'><img loading=\"lazy\" decoding=\"async\" width=\"2560\" height=\"1280\" src=\"https:\/\/www.antaraproperties.com\/wp-content\/uploads\/2025\/07\/balcon-del-mediterraneo-9-scaled.jpg\" class=\"attachment-full size-full\" alt=\"\" srcset=\"https:\/\/www.antaraproperties.com\/wp-content\/uploads\/2025\/07\/balcon-del-mediterraneo-9-scaled.jpg 2560w, https:\/\/www.antaraproperties.com\/wp-content\/uploads\/2025\/07\/balcon-del-mediterraneo-9-300x150.jpg 300w, https:\/\/www.antaraproperties.com\/wp-content\/uploads\/2025\/07\/balcon-del-mediterraneo-9-1024x512.jpg 1024w, https:\/\/www.antaraproperties.com\/wp-content\/uploads\/2025\/07\/balcon-del-mediterraneo-9-768x384.jpg 768w, https:\/\/www.antaraproperties.com\/wp-content\/uploads\/2025\/07\/balcon-del-mediterraneo-9-1536x768.jpg 1536w, https:\/\/www.antaraproperties.com\/wp-content\/uploads\/2025\/07\/balcon-del-mediterraneo-9-2048x1024.jpg 2048w\" sizes=\"(max-width: 2560px) 100vw, 2560px\" \/><\/a>\n\t\t\t<\/dt><\/dl><br style=\"clear: both\" \/><dl class='gallery-item'>\n\t\t\t<dt class='gallery-icon landscape'>\n\t\t\t\t<a data-elementor-open-lightbox=\"yes\" data-elementor-lightbox-slideshow=\"8c84740\" data-elementor-lightbox-title=\"balcon-del-mediterraneo-10\" data-e-action-hash=\"#elementor-action%3Aaction%3Dlightbox%26settings%3DeyJpZCI6Mzk0NjQsInVybCI6Imh0dHBzOlwvXC93d3cuYW50YXJhcHJvcGVydGllcy5jb21cL3dwLWNvbnRlbnRcL3VwbG9hZHNcLzIwMjVcLzA3XC9iYWxjb24tZGVsLW1lZGl0ZXJyYW5lby0xMC1zY2FsZWQuanBnIiwic2xpZGVzaG93IjoiOGM4NDc0MCJ9\" href='https:\/\/www.antaraproperties.com\/wp-content\/uploads\/2025\/07\/balcon-del-mediterraneo-10-scaled.jpg'><img loading=\"lazy\" decoding=\"async\" width=\"2560\" height=\"1514\" src=\"https:\/\/www.antaraproperties.com\/wp-content\/uploads\/2025\/07\/balcon-del-mediterraneo-10-scaled.jpg\" class=\"attachment-full size-full\" alt=\"\" srcset=\"https:\/\/www.antaraproperties.com\/wp-content\/uploads\/2025\/07\/balcon-del-mediterraneo-10-scaled.jpg 2560w, https:\/\/www.antaraproperties.com\/wp-content\/uploads\/2025\/07\/balcon-del-mediterraneo-10-300x177.jpg 300w, https:\/\/www.antaraproperties.com\/wp-content\/uploads\/2025\/07\/balcon-del-mediterraneo-10-1024x606.jpg 1024w, https:\/\/www.antaraproperties.com\/wp-content\/uploads\/2025\/07\/balcon-del-mediterraneo-10-768x454.jpg 768w, https:\/\/www.antaraproperties.com\/wp-content\/uploads\/2025\/07\/balcon-del-mediterraneo-10-1536x908.jpg 1536w, https:\/\/www.antaraproperties.com\/wp-content\/uploads\/2025\/07\/balcon-del-mediterraneo-10-2048x1211.jpg 2048w\" sizes=\"(max-width: 2560px) 100vw, 2560px\" \/><\/a>\n\t\t\t<\/dt><\/dl><dl class='gallery-item'>\n\t\t\t<dt class='gallery-icon landscape'>\n\t\t\t\t<a data-elementor-open-lightbox=\"yes\" data-elementor-lightbox-slideshow=\"8c84740\" data-elementor-lightbox-title=\"balcon-del-mediterraneo-11\" data-e-action-hash=\"#elementor-action%3Aaction%3Dlightbox%26settings%3DeyJpZCI6Mzk0NjcsInVybCI6Imh0dHBzOlwvXC93d3cuYW50YXJhcHJvcGVydGllcy5jb21cL3dwLWNvbnRlbnRcL3VwbG9hZHNcLzIwMjVcLzA3XC9iYWxjb24tZGVsLW1lZGl0ZXJyYW5lby0xMS1zY2FsZWQuanBnIiwic2xpZGVzaG93IjoiOGM4NDc0MCJ9\" href='https:\/\/www.antaraproperties.com\/wp-content\/uploads\/2025\/07\/balcon-del-mediterraneo-11-scaled.jpg'><img loading=\"lazy\" decoding=\"async\" width=\"2560\" height=\"1811\" src=\"https:\/\/www.antaraproperties.com\/wp-content\/uploads\/2025\/07\/balcon-del-mediterraneo-11-scaled.jpg\" class=\"attachment-full size-full\" alt=\"\" srcset=\"https:\/\/www.antaraproperties.com\/wp-content\/uploads\/2025\/07\/balcon-del-mediterraneo-11-scaled.jpg 2560w, https:\/\/www.antaraproperties.com\/wp-content\/uploads\/2025\/07\/balcon-del-mediterraneo-11-300x212.jpg 300w, https:\/\/www.antaraproperties.com\/wp-content\/uploads\/2025\/07\/balcon-del-mediterraneo-11-1024x724.jpg 1024w, https:\/\/www.antaraproperties.com\/wp-content\/uploads\/2025\/07\/balcon-del-mediterraneo-11-768x543.jpg 768w, https:\/\/www.antaraproperties.com\/wp-content\/uploads\/2025\/07\/balcon-del-mediterraneo-11-1536x1086.jpg 1536w, https:\/\/www.antaraproperties.com\/wp-content\/uploads\/2025\/07\/balcon-del-mediterraneo-11-2048x1448.jpg 2048w\" sizes=\"(max-width: 2560px) 100vw, 2560px\" \/><\/a>\n\t\t\t<\/dt><\/dl><dl class='gallery-item'>\n\t\t\t<dt class='gallery-icon landscape'>\n\t\t\t\t<a data-elementor-open-lightbox=\"yes\" data-elementor-lightbox-slideshow=\"8c84740\" data-elementor-lightbox-title=\"balcon-del-mediterraneo-12\" data-e-action-hash=\"#elementor-action%3Aaction%3Dlightbox%26settings%3DeyJpZCI6Mzk0NzAsInVybCI6Imh0dHBzOlwvXC93d3cuYW50YXJhcHJvcGVydGllcy5jb21cL3dwLWNvbnRlbnRcL3VwbG9hZHNcLzIwMjVcLzA3XC9iYWxjb24tZGVsLW1lZGl0ZXJyYW5lby0xMi1zY2FsZWQuanBnIiwic2xpZGVzaG93IjoiOGM4NDc0MCJ9\" href='https:\/\/www.antaraproperties.com\/wp-content\/uploads\/2025\/07\/balcon-del-mediterraneo-12-scaled.jpg'><img loading=\"lazy\" decoding=\"async\" width=\"2560\" height=\"1811\" src=\"https:\/\/www.antaraproperties.com\/wp-content\/uploads\/2025\/07\/balcon-del-mediterraneo-12-scaled.jpg\" class=\"attachment-full size-full\" alt=\"\" srcset=\"https:\/\/www.antaraproperties.com\/wp-content\/uploads\/2025\/07\/balcon-del-mediterraneo-12-scaled.jpg 2560w, https:\/\/www.antaraproperties.com\/wp-content\/uploads\/2025\/07\/balcon-del-mediterraneo-12-300x212.jpg 300w, https:\/\/www.antaraproperties.com\/wp-content\/uploads\/2025\/07\/balcon-del-mediterraneo-12-1024x724.jpg 1024w, https:\/\/www.antaraproperties.com\/wp-content\/uploads\/2025\/07\/balcon-del-mediterraneo-12-768x543.jpg 768w, https:\/\/www.antaraproperties.com\/wp-content\/uploads\/2025\/07\/balcon-del-mediterraneo-12-1536x1086.jpg 1536w, https:\/\/www.antaraproperties.com\/wp-content\/uploads\/2025\/07\/balcon-del-mediterraneo-12-2048x1448.jpg 2048w\" sizes=\"(max-width: 2560px) 100vw, 2560px\" \/><\/a>\n\t\t\t<\/dt><\/dl><dl class='gallery-item'>\n\t\t\t<dt class='gallery-icon landscape'>\n\t\t\t\t<a data-elementor-open-lightbox=\"yes\" data-elementor-lightbox-slideshow=\"8c84740\" data-elementor-lightbox-title=\"balcon-del-mediterraneo-13\" data-e-action-hash=\"#elementor-action%3Aaction%3Dlightbox%26settings%3DeyJpZCI6Mzk0NzMsInVybCI6Imh0dHBzOlwvXC93d3cuYW50YXJhcHJvcGVydGllcy5jb21cL3dwLWNvbnRlbnRcL3VwbG9hZHNcLzIwMjVcLzA3XC9iYWxjb24tZGVsLW1lZGl0ZXJyYW5lby0xMy1zY2FsZWQuanBnIiwic2xpZGVzaG93IjoiOGM4NDc0MCJ9\" href='https:\/\/www.antaraproperties.com\/wp-content\/uploads\/2025\/07\/balcon-del-mediterraneo-13-scaled.jpg'><img loading=\"lazy\" decoding=\"async\" width=\"2560\" height=\"1280\" src=\"https:\/\/www.antaraproperties.com\/wp-content\/uploads\/2025\/07\/balcon-del-mediterraneo-13-scaled.jpg\" class=\"attachment-full size-full\" alt=\"\" srcset=\"https:\/\/www.antaraproperties.com\/wp-content\/uploads\/2025\/07\/balcon-del-mediterraneo-13-scaled.jpg 2560w, https:\/\/www.antaraproperties.com\/wp-content\/uploads\/2025\/07\/balcon-del-mediterraneo-13-300x150.jpg 300w, https:\/\/www.antaraproperties.com\/wp-content\/uploads\/2025\/07\/balcon-del-mediterraneo-13-1024x512.jpg 1024w, https:\/\/www.antaraproperties.com\/wp-content\/uploads\/2025\/07\/balcon-del-mediterraneo-13-768x384.jpg 768w, https:\/\/www.antaraproperties.com\/wp-content\/uploads\/2025\/07\/balcon-del-mediterraneo-13-1536x768.jpg 1536w, https:\/\/www.antaraproperties.com\/wp-content\/uploads\/2025\/07\/balcon-del-mediterraneo-13-2048x1024.jpg 2048w\" sizes=\"(max-width: 2560px) 100vw, 2560px\" \/><\/a>\n\t\t\t<\/dt><\/dl><br style=\"clear: both\" \/><dl class='gallery-item'>\n\t\t\t<dt class='gallery-icon landscape'>\n\t\t\t\t<a data-elementor-open-lightbox=\"yes\" data-elementor-lightbox-slideshow=\"8c84740\" data-elementor-lightbox-title=\"image1743441584\" data-e-action-hash=\"#elementor-action%3Aaction%3Dlightbox%26settings%3DeyJpZCI6Mzk0NzYsInVybCI6Imh0dHBzOlwvXC93d3cuYW50YXJhcHJvcGVydGllcy5jb21cL3dwLWNvbnRlbnRcL3VwbG9hZHNcLzIwMjVcLzA3XC9pbWFnZTE3NDM0NDE1ODQtMS5qcGciLCJzbGlkZXNob3ciOiI4Yzg0NzQwIn0%3D\" href='https:\/\/www.antaraproperties.com\/wp-content\/uploads\/2025\/07\/image1743441584-1.jpg'><img loading=\"lazy\" decoding=\"async\" width=\"1920\" height=\"1136\" src=\"https:\/\/www.antaraproperties.com\/wp-content\/uploads\/2025\/07\/image1743441584-1.jpg\" class=\"attachment-full size-full\" alt=\"\" srcset=\"https:\/\/www.antaraproperties.com\/wp-content\/uploads\/2025\/07\/image1743441584-1.jpg 1920w, https:\/\/www.antaraproperties.com\/wp-content\/uploads\/2025\/07\/image1743441584-1-300x178.jpg 300w, https:\/\/www.antaraproperties.com\/wp-content\/uploads\/2025\/07\/image1743441584-1-1024x606.jpg 1024w, https:\/\/www.antaraproperties.com\/wp-content\/uploads\/2025\/07\/image1743441584-1-768x454.jpg 768w, https:\/\/www.antaraproperties.com\/wp-content\/uploads\/2025\/07\/image1743441584-1-1536x909.jpg 1536w\" sizes=\"(max-width: 1920px) 100vw, 1920px\" \/><\/a>\n\t\t\t<\/dt><\/dl>\n\t\t\t<br style='clear: both' \/>\n\t\t<\/div>\n\t\t<\/div>\n\t\t\t\t\t\t<\/div>\n\t\t\t\t<\/div>\n\t\t<div class=\"elementor-element elementor-element-1fff9f2 e-flex e-con-boxed e-con e-parent\" data-id=\"1fff9f2\" data-element_type=\"container\" data-e-type=\"container\">\n\t\t\t\t\t<div class=\"e-con-inner\">\n\t\t\t\t\t<\/div>\n\t\t\t\t<\/div>\n\t\t\t\t<div class=\"elementor-element elementor-element-31ea228 elementor-widget__width-initial elementor-invisible elementor-widget elementor-widget-text-editor\" data-id=\"31ea228\" data-element_type=\"widget\" data-e-type=\"widget\" data-settings=\"{&quot;_animation&quot;:&quot;fadeIn&quot;,&quot;_animation_delay&quot;:50}\" data-widget_type=\"text-editor.default\">\n\t\t\t\t<div class=\"elementor-widget-container\">\n\t\t\t\t\t\t\t\t\t<p>Si vous souhaitez en savoir plus ou franchir une nouvelle \u00e9tape vers ce paradis r\u00e9sidentiel exceptionnel, nous sommes l\u00e0 pour vous aider. Remplissez le formulaire de contact ci-dessous et notre \u00e9quipe d\u00e9di\u00e9e vous contactera rapidement pour vous fournir toutes les informations n\u00e9cessaires. Laissez-nous vous guider dans cette aventure de luxe et vous aider \u00e0 d\u00e9couvrir le style de vie extraordinaire qui vous attend. Votre nouveau d\u00e9part commence ici.<\/p>\t\t\t\t\t\t\t\t<\/div>\n\t\t\t\t<\/div>\n\t\t\t\t<div class=\"elementor-element elementor-element-49396dc elementor-widget elementor-widget-text-editor\" data-id=\"49396dc\" data-element_type=\"widget\" data-e-type=\"widget\" data-widget_type=\"text-editor.default\">\n\t\t\t\t<div class=\"elementor-widget-container\">\n\t\t\t\t\t\t\t\t\t<p>\n<div class=\"wpcf7 no-js\" id=\"wpcf7-f31092-o1\" lang=\"es-ES\" dir=\"ltr\" data-wpcf7-id=\"31092\">\n<div class=\"screen-reader-response\"><p role=\"status\" aria-live=\"polite\" aria-atomic=\"true\"><\/p> <ul><\/ul><\/div>\n<form action=\"\/fr\/wp-json\/wp\/v2\/obra_nueva\/40095#wpcf7-f31092-o1\" method=\"post\" class=\"wpcf7-form init\" aria-label=\"Formulario de contacto\" novalidate=\"novalidate\" data-status=\"init\">\n<fieldset class=\"hidden-fields-container\"><input type=\"hidden\" name=\"_wpcf7\" value=\"31092\" \/><input type=\"hidden\" name=\"_wpcf7_version\" value=\"6.1.5\" \/><input type=\"hidden\" name=\"_wpcf7_locale\" value=\"es_ES\" \/><input type=\"hidden\" name=\"_wpcf7_unit_tag\" value=\"wpcf7-f31092-o1\" \/><input type=\"hidden\" name=\"_wpcf7_container_post\" value=\"0\" \/><input type=\"hidden\" name=\"_wpcf7_posted_data_hash\" value=\"\" \/><input type=\"hidden\" name=\"_wpcf7_recaptcha_response\" value=\"\" \/>\n<\/fieldset>\n<div class=\"row\">\n\t<div class=\"col-xs-12 col-sm-6 col-md-6 col-lg-6\">\n\t\t<p><span class=\"wpcf7-form-control-wrap\" data-name=\"text-588\"><input size=\"40\" maxlength=\"400\" class=\"wpcf7-form-control wpcf7-text wpcf7-validates-as-required\" aria-required=\"true\" aria-invalid=\"false\" placeholder=\"Name (Required)\" value=\"\" type=\"text\" name=\"text-588\" \/><\/span>\n\t\t<\/p>\n\t<\/div>\n\t<div class=\"col-xs-12 col-sm-6 col-md-6 col-lg-6\">\n\t\t<p><span class=\"wpcf7-form-control-wrap\" data-name=\"tel-23\"><input size=\"40\" maxlength=\"400\" class=\"wpcf7-form-control wpcf7-tel wpcf7-text wpcf7-validates-as-tel\" aria-invalid=\"false\" placeholder=\"Phone\" value=\"\" type=\"tel\" name=\"tel-23\" \/><\/span>\n\t\t<\/p>\n\t<\/div>\n<\/div>\n<div class=\"row\">\n\t<div class=\"col-xs-12 col-sm-6 col-md-6 col-lg-6\">\n\t\t<p><span class=\"wpcf7-form-control-wrap\" data-name=\"email-844\"><input size=\"40\" maxlength=\"400\" class=\"wpcf7-form-control wpcf7-email wpcf7-validates-as-required wpcf7-text wpcf7-validates-as-email\" aria-required=\"true\" aria-invalid=\"false\" placeholder=\"E-mail (Required)\" value=\"\" type=\"email\" name=\"email-844\" \/><\/span>\n\t\t<\/p>\n\t<\/div>\n\t<div class=\"col-xs-12 col-sm-6 col-md-6 col-lg-6 conocio\">\n\t\t<p><span class=\"wpcf7-form-control-wrap\" data-name=\"menu-449\"><select class=\"wpcf7-form-control wpcf7-select wpcf7-validates-as-required\" aria-required=\"true\" aria-invalid=\"false\" name=\"menu-449\"><option value=\"\">How did you get to know us? (Required)<\/option><option value=\"Internet\">Internet<\/option><option value=\"Social Networks\">Social Networks<\/option><option value=\"Recommendation\">Recommendation<\/option><option value=\"Email Marketing\">Email Marketing<\/option><\/select><\/span>\n\t\t<\/p>\n\t<\/div>\n<\/div>\n<div class=\"row\">\n\t<div class=\"col-xs-12 col-sm-12 col-md-6 col-lg-12\">\n\t\t<p>Comments\n\t\t<\/p>\n\t\t<p><span class=\"wpcf7-form-control-wrap\" data-name=\"textarea-515\"><textarea cols=\"40\" rows=\"5\" maxlength=\"240\" class=\"wpcf7-form-control wpcf7-textarea\" aria-invalid=\"false\" name=\"textarea-515\"><\/textarea><\/span>\n\t\t<\/p>\n\t<\/div>\n\t<div class=\"col-xs-12 col-sm-12 col-md-12 col-lg-12\" style=\"line-height:1em;\">\n\t\t<p><span style=\"font-size:11px; margin-top:10px;\"><strong>Responsible:<\/strong> Antara Properties<br \/>\n<strong>Contact:<\/strong> (+34) 611 288 444<br \/>\n<strong>Purpose:<\/strong> Reply to the message you send us through this form.<br \/>\n<strong>Legal basis:<\/strong> Your consent by accepting this form that you want to communicate with us.<br \/>\n<strong>Recipients:<\/strong> There will be no communication to third parties.<br \/>\n<strong>Rights:<\/strong> You have the right to rectification, erasure, limitation of processing, opposition to processing, data portability and when the processing is based on consent, the right to withdraw it at any time.<a href=\"\/legal-notice\/\">More information<\/a><\/span>\n\t\t<\/p>\n\t<\/div>\n<\/div>\n<p><span class=\"wpcf7-form-control-wrap\" data-name=\"acceptance-932\"><span class=\"wpcf7-form-control wpcf7-acceptance\"><span class=\"wpcf7-list-item\"><input type=\"checkbox\" name=\"acceptance-932\" value=\"1\" aria-invalid=\"false\" \/><\/span><\/span><\/span>I agree to provide my data in order to receive a response to the request for information.\n<\/p>\n<p><span><input class=\"wpcf7-form-control wpcf7-submit has-spinner\" type=\"submit\" value=\"Send\" \/><\/span>\n<\/p><p style=\"display: none !important;\" class=\"akismet-fields-container\" data-prefix=\"_wpcf7_ak_\"><label>&#916;<textarea name=\"_wpcf7_ak_hp_textarea\" cols=\"45\" rows=\"8\" maxlength=\"100\"><\/textarea><\/label><input type=\"hidden\" id=\"ak_js_1\" name=\"_wpcf7_ak_js\" value=\"29\"\/><script>document.getElementById( \"ak_js_1\" ).setAttribute( \"value\", ( new Date() ).getTime() );<\/script><\/p><div class=\"wpcf7-response-output\" aria-hidden=\"true\"><\/div>\n<\/form>\n<\/div>\n<\/p>\t\t\t\t\t\t\t\t<\/div>\n\t\t\t\t<\/div>\n\t\t\t\t\t<\/div>\n\t\t<\/div>\n\t\t\t\t\t<\/div>\n\t\t<\/section>\n\t\t\t\t<section class=\"elementor-section elementor-top-section elementor-element elementor-element-abf4200 elementor-section-full_width elementor-section-height-default elementor-section-height-default\" data-id=\"abf4200\" data-element_type=\"section\" data-e-type=\"section\" data-settings=\"{&quot;background_background&quot;:&quot;classic&quot;}\">\n\t\t\t\t\t\t<div class=\"elementor-container elementor-column-gap-default\">\n\t\t\t\t\t<div class=\"elementor-column elementor-col-100 elementor-top-column elementor-element elementor-element-9854bd6\" data-id=\"9854bd6\" data-element_type=\"column\" data-e-type=\"column\">\n\t\t\t<div class=\"elementor-widget-wrap elementor-element-populated\">\n\t\t\t\t\t\t<div class=\"elementor-element elementor-element-88ac5c6 elementor-widget elementor-widget-heading\" data-id=\"88ac5c6\" data-element_type=\"widget\" data-e-type=\"widget\" data-widget_type=\"heading.default\">\n\t\t\t\t<div class=\"elementor-widget-container\">\n\t\t\t\t\t<h2 class=\"elementor-heading-title elementor-size-default\">AUTRES PROJETS<\/h2>\t\t\t\t<\/div>\n\t\t\t\t<\/div>\n\t\t\t\t<div class=\"elementor-element elementor-element-12e3375 elementor-grid-6 elementor-grid-tablet-2 elementor-grid-mobile-1 elementor-widget elementor-widget-portfolio\" data-id=\"12e3375\" data-element_type=\"widget\" data-e-type=\"widget\" data-settings=\"{&quot;columns&quot;:&quot;6&quot;,&quot;row_gap&quot;:{&quot;unit&quot;:&quot;px&quot;,&quot;size&quot;:20,&quot;sizes&quot;:[]},&quot;columns_tablet&quot;:&quot;2&quot;,&quot;columns_mobile&quot;:&quot;1&quot;,&quot;item_ratio&quot;:{&quot;unit&quot;:&quot;px&quot;,&quot;size&quot;:0.66,&quot;sizes&quot;:[]},&quot;item_gap&quot;:{&quot;unit&quot;:&quot;px&quot;,&quot;size&quot;:&quot;&quot;,&quot;sizes&quot;:[]}}\" data-widget_type=\"portfolio.default\">\n\t\t\t\t<div class=\"elementor-widget-container\">\n\t\t\t\t\t\t\t<div class=\"elementor-portfolio elementor-grid elementor-posts-container\" role=\"list\">\n\t\t\t\t<article class=\"elementor-portfolio-item elementor-post  post-46125 obra_nueva type-obra_nueva status-publish format-standard has-post-thumbnail hentry obra_nueva_zonas-golden-mile\" role=\"listitem\">\n\t\t\t<a class=\"elementor-post__thumbnail__link\" href=\"https:\/\/www.antaraproperties.com\/fr\/obra_nueva\/ap-es-216\/\">\n\t\t\t\t<div class=\"elementor-portfolio-item__img elementor-post__thumbnail\">\n\t\t\t<img loading=\"lazy\" decoding=\"async\" width=\"300\" height=\"225\" src=\"https:\/\/www.antaraproperties.com\/wp-content\/uploads\/2025\/10\/BPLasTortugas41-300x225.jpg\" class=\"attachment-medium size-medium wp-image-46107\" alt=\"\" srcset=\"https:\/\/www.antaraproperties.com\/wp-content\/uploads\/2025\/10\/BPLasTortugas41-300x225.jpg 300w, https:\/\/www.antaraproperties.com\/wp-content\/uploads\/2025\/10\/BPLasTortugas41-1024x768.jpg 1024w, https:\/\/www.antaraproperties.com\/wp-content\/uploads\/2025\/10\/BPLasTortugas41-768x576.jpg 768w, https:\/\/www.antaraproperties.com\/wp-content\/uploads\/2025\/10\/BPLasTortugas41-1536x1151.jpg 1536w, https:\/\/www.antaraproperties.com\/wp-content\/uploads\/2025\/10\/BPLasTortugas41.jpg 2048w\" sizes=\"(max-width: 300px) 100vw, 300px\" \/>\t\t<\/div>\n\t\t\t\t<div class=\"elementor-portfolio-item__overlay\">\n\t\t\t\t<h3 class=\"elementor-portfolio-item__title\">\n\t\tAP &#8211; ES &#8211; 216\t\t<\/h3>\n\t\t\t\t<\/div>\n\t\t\t\t<\/a>\n\t\t<\/article>\n\t\t\t\t<article class=\"elementor-portfolio-item elementor-post  post-45999 obra_nueva type-obra_nueva status-publish format-standard has-post-thumbnail hentry obra_nueva_zonas-casares\" role=\"listitem\">\n\t\t\t<a class=\"elementor-post__thumbnail__link\" href=\"https:\/\/www.antaraproperties.com\/fr\/obra_nueva\/ap-es-215\/\">\n\t\t\t\t<div class=\"elementor-portfolio-item__img elementor-post__thumbnail\">\n\t\t\t<img loading=\"lazy\" decoding=\"async\" width=\"300\" height=\"225\" src=\"https:\/\/www.antaraproperties.com\/wp-content\/uploads\/2025\/10\/b592a7dc-5eb3-43dc-bf3d-809aae7562e1-300x225.jpg\" class=\"attachment-medium size-medium wp-image-45990\" alt=\"\" srcset=\"https:\/\/www.antaraproperties.com\/wp-content\/uploads\/2025\/10\/b592a7dc-5eb3-43dc-bf3d-809aae7562e1-300x225.jpg 300w, https:\/\/www.antaraproperties.com\/wp-content\/uploads\/2025\/10\/b592a7dc-5eb3-43dc-bf3d-809aae7562e1-1024x768.jpg 1024w, https:\/\/www.antaraproperties.com\/wp-content\/uploads\/2025\/10\/b592a7dc-5eb3-43dc-bf3d-809aae7562e1-768x576.jpg 768w, https:\/\/www.antaraproperties.com\/wp-content\/uploads\/2025\/10\/b592a7dc-5eb3-43dc-bf3d-809aae7562e1-1536x1152.jpg 1536w, https:\/\/www.antaraproperties.com\/wp-content\/uploads\/2025\/10\/b592a7dc-5eb3-43dc-bf3d-809aae7562e1.jpg 1920w\" sizes=\"(max-width: 300px) 100vw, 300px\" \/>\t\t<\/div>\n\t\t\t\t<div class=\"elementor-portfolio-item__overlay\">\n\t\t\t\t<h3 class=\"elementor-portfolio-item__title\">\n\t\tAP &#8211; ES &#8211; 215\t\t<\/h3>\n\t\t\t\t<\/div>\n\t\t\t\t<\/a>\n\t\t<\/article>\n\t\t\t\t<article class=\"elementor-portfolio-item elementor-post  post-45908 obra_nueva type-obra_nueva status-publish format-standard has-post-thumbnail hentry obra_nueva_zonas-marbella\" role=\"listitem\">\n\t\t\t<a class=\"elementor-post__thumbnail__link\" href=\"https:\/\/www.antaraproperties.com\/fr\/obra_nueva\/ap-es-214\/\">\n\t\t\t\t<div class=\"elementor-portfolio-item__img elementor-post__thumbnail\">\n\t\t\t<img loading=\"lazy\" decoding=\"async\" width=\"300\" height=\"200\" src=\"https:\/\/www.antaraproperties.com\/wp-content\/uploads\/2025\/10\/PH-Marbella-3-300x200.jpg\" class=\"attachment-medium size-medium wp-image-45836\" alt=\"\" srcset=\"https:\/\/www.antaraproperties.com\/wp-content\/uploads\/2025\/10\/PH-Marbella-3-300x200.jpg 300w, https:\/\/www.antaraproperties.com\/wp-content\/uploads\/2025\/10\/PH-Marbella-3-1024x684.jpg 1024w, https:\/\/www.antaraproperties.com\/wp-content\/uploads\/2025\/10\/PH-Marbella-3-768x513.jpg 768w, https:\/\/www.antaraproperties.com\/wp-content\/uploads\/2025\/10\/PH-Marbella-3-1536x1025.jpg 1536w, https:\/\/www.antaraproperties.com\/wp-content\/uploads\/2025\/10\/PH-Marbella-3-105x70.jpg 105w, https:\/\/www.antaraproperties.com\/wp-content\/uploads\/2025\/10\/PH-Marbella-3.jpg 2000w\" sizes=\"(max-width: 300px) 100vw, 300px\" \/>\t\t<\/div>\n\t\t\t\t<div class=\"elementor-portfolio-item__overlay\">\n\t\t\t\t<h3 class=\"elementor-portfolio-item__title\">\n\t\tAP &#8211; ES &#8211; 214\t\t<\/h3>\n\t\t\t\t<\/div>\n\t\t\t\t<\/a>\n\t\t<\/article>\n\t\t\t\t<article class=\"elementor-portfolio-item elementor-post  post-45818 obra_nueva type-obra_nueva status-publish format-standard has-post-thumbnail hentry obra_nueva_zonas-cancelada\" role=\"listitem\">\n\t\t\t<a class=\"elementor-post__thumbnail__link\" href=\"https:\/\/www.antaraproperties.com\/fr\/obra_nueva\/ap-es-213\/\">\n\t\t\t\t<div class=\"elementor-portfolio-item__img elementor-post__thumbnail\">\n\t\t\t<img loading=\"lazy\" decoding=\"async\" width=\"300\" height=\"225\" src=\"https:\/\/www.antaraproperties.com\/wp-content\/uploads\/2025\/10\/DJI_20251002202414_0978_D-DNG_DxO_DeepPRIME-Edit-300x225.jpg\" class=\"attachment-medium size-medium wp-image-45803\" alt=\"\" srcset=\"https:\/\/www.antaraproperties.com\/wp-content\/uploads\/2025\/10\/DJI_20251002202414_0978_D-DNG_DxO_DeepPRIME-Edit-300x225.jpg 300w, https:\/\/www.antaraproperties.com\/wp-content\/uploads\/2025\/10\/DJI_20251002202414_0978_D-DNG_DxO_DeepPRIME-Edit-1024x768.jpg 1024w, https:\/\/www.antaraproperties.com\/wp-content\/uploads\/2025\/10\/DJI_20251002202414_0978_D-DNG_DxO_DeepPRIME-Edit-768x576.jpg 768w, https:\/\/www.antaraproperties.com\/wp-content\/uploads\/2025\/10\/DJI_20251002202414_0978_D-DNG_DxO_DeepPRIME-Edit-1536x1151.jpg 1536w, https:\/\/www.antaraproperties.com\/wp-content\/uploads\/2025\/10\/DJI_20251002202414_0978_D-DNG_DxO_DeepPRIME-Edit.jpg 2048w\" sizes=\"(max-width: 300px) 100vw, 300px\" \/>\t\t<\/div>\n\t\t\t\t<div class=\"elementor-portfolio-item__overlay\">\n\t\t\t\t<h3 class=\"elementor-portfolio-item__title\">\n\t\tAP &#8211; ES &#8211; 213\t\t<\/h3>\n\t\t\t\t<\/div>\n\t\t\t\t<\/a>\n\t\t<\/article>\n\t\t\t\t<article class=\"elementor-portfolio-item elementor-post  post-45680 obra_nueva type-obra_nueva status-publish format-standard has-post-thumbnail hentry obra_nueva_zonas-sotogrande\" role=\"listitem\">\n\t\t\t<a class=\"elementor-post__thumbnail__link\" href=\"https:\/\/www.antaraproperties.com\/fr\/obra_nueva\/ap-es-212\/\">\n\t\t\t\t<div class=\"elementor-portfolio-item__img elementor-post__thumbnail\">\n\t\t\t<img loading=\"lazy\" decoding=\"async\" width=\"300\" height=\"200\" src=\"https:\/\/www.antaraproperties.com\/wp-content\/uploads\/2025\/10\/3SALaFinca27-300x200.jpg\" class=\"attachment-medium size-medium wp-image-45661\" alt=\"\" srcset=\"https:\/\/www.antaraproperties.com\/wp-content\/uploads\/2025\/10\/3SALaFinca27-300x200.jpg 300w, https:\/\/www.antaraproperties.com\/wp-content\/uploads\/2025\/10\/3SALaFinca27-1024x683.jpg 1024w, https:\/\/www.antaraproperties.com\/wp-content\/uploads\/2025\/10\/3SALaFinca27-768x512.jpg 768w, https:\/\/www.antaraproperties.com\/wp-content\/uploads\/2025\/10\/3SALaFinca27-1536x1024.jpg 1536w, https:\/\/www.antaraproperties.com\/wp-content\/uploads\/2025\/10\/3SALaFinca27-105x70.jpg 105w, https:\/\/www.antaraproperties.com\/wp-content\/uploads\/2025\/10\/3SALaFinca27.jpg 2048w\" sizes=\"(max-width: 300px) 100vw, 300px\" \/>\t\t<\/div>\n\t\t\t\t<div class=\"elementor-portfolio-item__overlay\">\n\t\t\t\t<h3 class=\"elementor-portfolio-item__title\">\n\t\tAP &#8211; ES &#8211; 212\t\t<\/h3>\n\t\t\t\t<\/div>\n\t\t\t\t<\/a>\n\t\t<\/article>\n\t\t\t\t<article class=\"elementor-portfolio-item elementor-post  post-45575 obra_nueva type-obra_nueva status-publish format-standard has-post-thumbnail hentry obra_nueva_zonas-nueva-andalucia\" role=\"listitem\">\n\t\t\t<a class=\"elementor-post__thumbnail__link\" href=\"https:\/\/www.antaraproperties.com\/fr\/obra_nueva\/ap-es-211\/\">\n\t\t\t\t<div class=\"elementor-portfolio-item__img elementor-post__thumbnail\">\n\t\t\t<img loading=\"lazy\" decoding=\"async\" width=\"300\" height=\"225\" src=\"https:\/\/www.antaraproperties.com\/wp-content\/uploads\/2025\/10\/DJI_20250912161427_0408_D-DNG_DxO_DeepPRIME-Edit-Edit-300x225.jpg\" class=\"attachment-medium size-medium wp-image-45509\" alt=\"\" srcset=\"https:\/\/www.antaraproperties.com\/wp-content\/uploads\/2025\/10\/DJI_20250912161427_0408_D-DNG_DxO_DeepPRIME-Edit-Edit-300x225.jpg 300w, https:\/\/www.antaraproperties.com\/wp-content\/uploads\/2025\/10\/DJI_20250912161427_0408_D-DNG_DxO_DeepPRIME-Edit-Edit-1024x768.jpg 1024w, https:\/\/www.antaraproperties.com\/wp-content\/uploads\/2025\/10\/DJI_20250912161427_0408_D-DNG_DxO_DeepPRIME-Edit-Edit-768x576.jpg 768w, https:\/\/www.antaraproperties.com\/wp-content\/uploads\/2025\/10\/DJI_20250912161427_0408_D-DNG_DxO_DeepPRIME-Edit-Edit-1536x1151.jpg 1536w, https:\/\/www.antaraproperties.com\/wp-content\/uploads\/2025\/10\/DJI_20250912161427_0408_D-DNG_DxO_DeepPRIME-Edit-Edit.jpg 2048w\" sizes=\"(max-width: 300px) 100vw, 300px\" \/>\t\t<\/div>\n\t\t\t\t<div class=\"elementor-portfolio-item__overlay\">\n\t\t\t\t<h3 class=\"elementor-portfolio-item__title\">\n\t\tAP &#8211; ES &#8211; 211\t\t<\/h3>\n\t\t\t\t<\/div>\n\t\t\t\t<\/a>\n\t\t<\/article>\n\t\t\t\t<article class=\"elementor-portfolio-item elementor-post  post-45485 obra_nueva type-obra_nueva status-publish format-standard has-post-thumbnail hentry obra_nueva_zonas-marbella\" role=\"listitem\">\n\t\t\t<a class=\"elementor-post__thumbnail__link\" href=\"https:\/\/www.antaraproperties.com\/fr\/obra_nueva\/ap-es-210\/\">\n\t\t\t\t<div class=\"elementor-portfolio-item__img elementor-post__thumbnail\">\n\t\t\t<img loading=\"lazy\" decoding=\"async\" width=\"300\" height=\"223\" src=\"https:\/\/www.antaraproperties.com\/wp-content\/uploads\/2025\/10\/Screenshot-2025-10-07-at-13.55.27-1-300x223.png\" class=\"attachment-medium size-medium wp-image-45473\" alt=\"\" srcset=\"https:\/\/www.antaraproperties.com\/wp-content\/uploads\/2025\/10\/Screenshot-2025-10-07-at-13.55.27-1-300x223.png 300w, https:\/\/www.antaraproperties.com\/wp-content\/uploads\/2025\/10\/Screenshot-2025-10-07-at-13.55.27-1-1024x763.png 1024w, https:\/\/www.antaraproperties.com\/wp-content\/uploads\/2025\/10\/Screenshot-2025-10-07-at-13.55.27-1-768x572.png 768w, https:\/\/www.antaraproperties.com\/wp-content\/uploads\/2025\/10\/Screenshot-2025-10-07-at-13.55.27-1-1536x1144.png 1536w, https:\/\/www.antaraproperties.com\/wp-content\/uploads\/2025\/10\/Screenshot-2025-10-07-at-13.55.27-1.png 1998w\" sizes=\"(max-width: 300px) 100vw, 300px\" \/>\t\t<\/div>\n\t\t\t\t<div class=\"elementor-portfolio-item__overlay\">\n\t\t\t\t<h3 class=\"elementor-portfolio-item__title\">\n\t\tAP &#8211; ES &#8211; 210\t\t<\/h3>\n\t\t\t\t<\/div>\n\t\t\t\t<\/a>\n\t\t<\/article>\n\t\t\t\t<article class=\"elementor-portfolio-item elementor-post  post-45232 obra_nueva type-obra_nueva status-publish format-standard has-post-thumbnail hentry obra_nueva_zonas-golden-mile\" role=\"listitem\">\n\t\t\t<a class=\"elementor-post__thumbnail__link\" href=\"https:\/\/www.antaraproperties.com\/fr\/obra_nueva\/ap-es-209\/\">\n\t\t\t\t<div class=\"elementor-portfolio-item__img elementor-post__thumbnail\">\n\t\t\t<img loading=\"lazy\" decoding=\"async\" width=\"300\" height=\"193\" src=\"https:\/\/www.antaraproperties.com\/wp-content\/uploads\/2025\/09\/a2-300x193.jpg\" class=\"attachment-medium size-medium wp-image-45257\" alt=\"\" srcset=\"https:\/\/www.antaraproperties.com\/wp-content\/uploads\/2025\/09\/a2-300x193.jpg 300w, https:\/\/www.antaraproperties.com\/wp-content\/uploads\/2025\/09\/a2-1024x658.jpg 1024w, https:\/\/www.antaraproperties.com\/wp-content\/uploads\/2025\/09\/a2-768x494.jpg 768w, https:\/\/www.antaraproperties.com\/wp-content\/uploads\/2025\/09\/a2-1536x987.jpg 1536w, https:\/\/www.antaraproperties.com\/wp-content\/uploads\/2025\/09\/a2-2048x1316.jpg 2048w\" sizes=\"(max-width: 300px) 100vw, 300px\" \/>\t\t<\/div>\n\t\t\t\t<div class=\"elementor-portfolio-item__overlay\">\n\t\t\t\t<h3 class=\"elementor-portfolio-item__title\">\n\t\tAP &#8211; ES &#8211; 209\t\t<\/h3>\n\t\t\t\t<\/div>\n\t\t\t\t<\/a>\n\t\t<\/article>\n\t\t\t\t<article class=\"elementor-portfolio-item elementor-post  post-45149 obra_nueva type-obra_nueva status-publish format-standard has-post-thumbnail hentry obra_nueva_zonas-estepona\" role=\"listitem\">\n\t\t\t<a class=\"elementor-post__thumbnail__link\" href=\"https:\/\/www.antaraproperties.com\/fr\/obra_nueva\/ap-es-208-2\/\">\n\t\t\t\t<div class=\"elementor-portfolio-item__img elementor-post__thumbnail\">\n\t\t\t<img loading=\"lazy\" decoding=\"async\" width=\"300\" height=\"169\" src=\"https:\/\/www.antaraproperties.com\/wp-content\/uploads\/2025\/09\/DJI_20240904130717_0410_D-300x169.jpg\" class=\"attachment-medium size-medium wp-image-45047\" alt=\"\" srcset=\"https:\/\/www.antaraproperties.com\/wp-content\/uploads\/2025\/09\/DJI_20240904130717_0410_D-300x169.jpg 300w, https:\/\/www.antaraproperties.com\/wp-content\/uploads\/2025\/09\/DJI_20240904130717_0410_D-1024x576.jpg 1024w, https:\/\/www.antaraproperties.com\/wp-content\/uploads\/2025\/09\/DJI_20240904130717_0410_D-768x432.jpg 768w, https:\/\/www.antaraproperties.com\/wp-content\/uploads\/2025\/09\/DJI_20240904130717_0410_D-1536x864.jpg 1536w, https:\/\/www.antaraproperties.com\/wp-content\/uploads\/2025\/09\/DJI_20240904130717_0410_D-2048x1152.jpg 2048w, https:\/\/www.antaraproperties.com\/wp-content\/uploads\/2025\/09\/DJI_20240904130717_0410_D-255x143.jpg 255w, https:\/\/www.antaraproperties.com\/wp-content\/uploads\/2025\/09\/DJI_20240904130717_0410_D-835x467.jpg 835w, https:\/\/www.antaraproperties.com\/wp-content\/uploads\/2025\/09\/DJI_20240904130717_0410_D-1110x623.jpg 1110w\" sizes=\"(max-width: 300px) 100vw, 300px\" \/>\t\t<\/div>\n\t\t\t\t<div class=\"elementor-portfolio-item__overlay\">\n\t\t\t\t<h3 class=\"elementor-portfolio-item__title\">\n\t\tAP &#8211; ES &#8211; 208\t\t<\/h3>\n\t\t\t\t<\/div>\n\t\t\t\t<\/a>\n\t\t<\/article>\n\t\t\t\t<article class=\"elementor-portfolio-item elementor-post  post-45029 obra_nueva type-obra_nueva status-publish format-standard has-post-thumbnail hentry obra_nueva_zonas-marbella\" role=\"listitem\">\n\t\t\t<a class=\"elementor-post__thumbnail__link\" href=\"https:\/\/www.antaraproperties.com\/fr\/obra_nueva\/ap-es-207\/\">\n\t\t\t\t<div class=\"elementor-portfolio-item__img elementor-post__thumbnail\">\n\t\t\t<img loading=\"lazy\" decoding=\"async\" width=\"300\" height=\"215\" src=\"https:\/\/www.antaraproperties.com\/wp-content\/uploads\/2025\/09\/Screenshot-2025-09-30-at-12.57.42-300x215.png\" class=\"attachment-medium size-medium wp-image-45312\" alt=\"\" srcset=\"https:\/\/www.antaraproperties.com\/wp-content\/uploads\/2025\/09\/Screenshot-2025-09-30-at-12.57.42-300x215.png 300w, https:\/\/www.antaraproperties.com\/wp-content\/uploads\/2025\/09\/Screenshot-2025-09-30-at-12.57.42-1024x735.png 1024w, https:\/\/www.antaraproperties.com\/wp-content\/uploads\/2025\/09\/Screenshot-2025-09-30-at-12.57.42-768x551.png 768w, https:\/\/www.antaraproperties.com\/wp-content\/uploads\/2025\/09\/Screenshot-2025-09-30-at-12.57.42-1536x1103.png 1536w, https:\/\/www.antaraproperties.com\/wp-content\/uploads\/2025\/09\/Screenshot-2025-09-30-at-12.57.42.png 2000w\" sizes=\"(max-width: 300px) 100vw, 300px\" \/>\t\t<\/div>\n\t\t\t\t<div class=\"elementor-portfolio-item__overlay\">\n\t\t\t\t<h3 class=\"elementor-portfolio-item__title\">\n\t\tAP &#8211; ES &#8211; 207\t\t<\/h3>\n\t\t\t\t<\/div>\n\t\t\t\t<\/a>\n\t\t<\/article>\n\t\t\t\t<article class=\"elementor-portfolio-item elementor-post  post-44483 obra_nueva type-obra_nueva status-publish format-standard has-post-thumbnail hentry obra_nueva_zonas-estepona\" role=\"listitem\">\n\t\t\t<a class=\"elementor-post__thumbnail__link\" href=\"https:\/\/www.antaraproperties.com\/fr\/obra_nueva\/ap-es-206\/\">\n\t\t\t\t<div class=\"elementor-portfolio-item__img elementor-post__thumbnail\">\n\t\t\t<img loading=\"lazy\" decoding=\"async\" width=\"300\" height=\"225\" src=\"https:\/\/www.antaraproperties.com\/wp-content\/uploads\/2025\/09\/PHOTO-2025-09-18-08-46-26-27-1-300x225.jpg\" class=\"attachment-medium size-medium wp-image-44480\" alt=\"\" srcset=\"https:\/\/www.antaraproperties.com\/wp-content\/uploads\/2025\/09\/PHOTO-2025-09-18-08-46-26-27-1-300x225.jpg 300w, https:\/\/www.antaraproperties.com\/wp-content\/uploads\/2025\/09\/PHOTO-2025-09-18-08-46-26-27-1-768x576.jpg 768w, https:\/\/www.antaraproperties.com\/wp-content\/uploads\/2025\/09\/PHOTO-2025-09-18-08-46-26-27-1.jpg 1024w\" sizes=\"(max-width: 300px) 100vw, 300px\" \/>\t\t<\/div>\n\t\t\t\t<div class=\"elementor-portfolio-item__overlay\">\n\t\t\t\t<h3 class=\"elementor-portfolio-item__title\">\n\t\tAP &#8211; ES &#8211; 206\t\t<\/h3>\n\t\t\t\t<\/div>\n\t\t\t\t<\/a>\n\t\t<\/article>\n\t\t\t\t<article class=\"elementor-portfolio-item elementor-post  post-44372 obra_nueva type-obra_nueva status-publish format-standard has-post-thumbnail hentry obra_nueva_zonas-marbella\" role=\"listitem\">\n\t\t\t<a class=\"elementor-post__thumbnail__link\" href=\"https:\/\/www.antaraproperties.com\/fr\/obra_nueva\/ap-es-205\/\">\n\t\t\t\t<div class=\"elementor-portfolio-item__img elementor-post__thumbnail\">\n\t\t\t<img loading=\"lazy\" decoding=\"async\" width=\"270\" height=\"300\" src=\"https:\/\/www.antaraproperties.com\/wp-content\/uploads\/2025\/09\/AIDA-frontal-1-270x300.jpg\" class=\"attachment-medium size-medium wp-image-44303\" alt=\"\" srcset=\"https:\/\/www.antaraproperties.com\/wp-content\/uploads\/2025\/09\/AIDA-frontal-1-270x300.jpg 270w, https:\/\/www.antaraproperties.com\/wp-content\/uploads\/2025\/09\/AIDA-frontal-1-921x1024.jpg 921w, https:\/\/www.antaraproperties.com\/wp-content\/uploads\/2025\/09\/AIDA-frontal-1-768x854.jpg 768w, https:\/\/www.antaraproperties.com\/wp-content\/uploads\/2025\/09\/AIDA-frontal-1-1382x1536.jpg 1382w, https:\/\/www.antaraproperties.com\/wp-content\/uploads\/2025\/09\/AIDA-frontal-1-1843x2048.jpg 1843w, https:\/\/www.antaraproperties.com\/wp-content\/uploads\/2025\/09\/AIDA-frontal-1.jpg 2000w\" sizes=\"(max-width: 270px) 100vw, 270px\" \/>\t\t<\/div>\n\t\t\t\t<div class=\"elementor-portfolio-item__overlay\">\n\t\t\t\t<h3 class=\"elementor-portfolio-item__title\">\n\t\tAP &#8211; ES &#8211; 205\t\t<\/h3>\n\t\t\t\t<\/div>\n\t\t\t\t<\/a>\n\t\t<\/article>\n\t\t\t\t<\/div>\n\t\t\t\t\t\t<\/div>\n\t\t\t\t<\/div>\n\t\t\t\t\t<\/div>\n\t\t<\/div>\n\t\t\t\t\t<\/div>\n\t\t<\/section>\n\t\t<div class=\"elementor-element elementor-element-38bdb15 e-flex e-con-boxed e-con e-parent\" data-id=\"38bdb15\" data-element_type=\"container\" data-e-type=\"container\">\n\t\t\t\t\t<div class=\"e-con-inner\">\n\t\t\t\t<div class=\"elementor-element elementor-element-777a472 elementor-widget elementor-widget-image\" data-id=\"777a472\" data-element_type=\"widget\" data-e-type=\"widget\" data-widget_type=\"image.default\">\n\t\t\t\t<div class=\"elementor-widget-container\">\n\t\t\t\t\t\t\t\t\t\t\t\t\t\t\t<img loading=\"lazy\" decoding=\"async\" width=\"1024\" height=\"683\" src=\"https:\/\/www.antaraproperties.com\/wp-content\/uploads\/2025\/06\/Casa-Mangaleta-High-Res-24-1024x683.jpg\" class=\"attachment-large size-large wp-image-38090\" alt=\"\" srcset=\"https:\/\/www.antaraproperties.com\/wp-content\/uploads\/2025\/06\/Casa-Mangaleta-High-Res-24-1024x683.jpg 1024w, https:\/\/www.antaraproperties.com\/wp-content\/uploads\/2025\/06\/Casa-Mangaleta-High-Res-24-300x200.jpg 300w, https:\/\/www.antaraproperties.com\/wp-content\/uploads\/2025\/06\/Casa-Mangaleta-High-Res-24-768x512.jpg 768w, https:\/\/www.antaraproperties.com\/wp-content\/uploads\/2025\/06\/Casa-Mangaleta-High-Res-24-1536x1024.jpg 1536w, https:\/\/www.antaraproperties.com\/wp-content\/uploads\/2025\/06\/Casa-Mangaleta-High-Res-24-2048x1365.jpg 2048w, https:\/\/www.antaraproperties.com\/wp-content\/uploads\/2025\/06\/Casa-Mangaleta-High-Res-24-105x70.jpg 105w\" sizes=\"(max-width: 1024px) 100vw, 1024px\" \/>\t\t\t\t\t\t\t\t\t\t\t\t\t\t\t<\/div>\n\t\t\t\t<\/div>\n\t\t\t\t\t<\/div>\n\t\t\t\t<\/div>\n\t\t<div class=\"elementor-element elementor-element-97f4c42 e-flex e-con-boxed e-con e-parent\" data-id=\"97f4c42\" data-element_type=\"container\" data-e-type=\"container\">\n\t\t\t\t\t<div class=\"e-con-inner\">\n\t\t\t\t\t<\/div>\n\t\t\t\t<\/div>\n\t\t<div class=\"elementor-element elementor-element-60d7cdb e-flex e-con-boxed e-con e-parent\" data-id=\"60d7cdb\" data-element_type=\"container\" data-e-type=\"container\">\n\t\t\t\t\t<div class=\"e-con-inner\">\n\t\t\t\t\t<\/div>\n\t\t\t\t<\/div>\n\t\t<div class=\"elementor-element elementor-element-bb83f1c e-flex e-con-boxed e-con e-parent\" data-id=\"bb83f1c\" data-element_type=\"container\" data-e-type=\"container\">\n\t\t\t\t\t<div class=\"e-con-inner\">\n\t\t\t\t\t<\/div>\n\t\t\t\t<\/div>\n\t\t<div class=\"elementor-element elementor-element-5ebc5b9 e-flex e-con-boxed e-con e-parent\" data-id=\"5ebc5b9\" data-element_type=\"container\" data-e-type=\"container\">\n\t\t\t\t\t<div class=\"e-con-inner\">\n\t\t\t\t<div class=\"elementor-element elementor-element-726de3a elementor-widget elementor-widget-video\" data-id=\"726de3a\" data-element_type=\"widget\" data-e-type=\"widget\" data-settings=\"{&quot;youtube_url&quot;:&quot;https:\\\/\\\/www.youtube.com\\\/watch?v=XHOmBV4js_E&quot;,&quot;video_type&quot;:&quot;youtube&quot;,&quot;controls&quot;:&quot;yes&quot;}\" data-widget_type=\"video.default\">\n\t\t\t\t<div class=\"elementor-widget-container\">\n\t\t\t\t\t\t\t<div class=\"elementor-wrapper elementor-open-inline\">\n\t\t\t<div class=\"elementor-video\"><\/div>\t\t<\/div>\n\t\t\t\t\t\t<\/div>\n\t\t\t\t<\/div>\n\t\t\t\t\t<\/div>\n\t\t\t\t<\/div>\n\t\t\t\t<\/div>\n\t\t","protected":false},"excerpt":{"rendered":"<p>A partir de 1.250.000 144.00 M2 3 Chambres 3 Salle de bains AP-ES-152 Cette spectaculaire villa moderne avec piscine est situ\u00e9e dans un quartier r\u00e9sidentiel exclusif et calme, \u00e0 proximit\u00e9 du El Para\u00edso Golf Club. Orient\u00e9e plein sud et implant\u00e9e sur un grand terrain plat de 2\u202f100\u202fm\u00b2, elle offre un cadre id\u00e9al pour profiter du style de vie m\u00e9diterran\u00e9en. La propri\u00e9t\u00e9 se distingue par &#8230;<\/p>\n","protected":false},"author":1,"featured_media":39464,"menu_order":0,"comment_status":"closed","ping_status":"closed","template":"elementor_header_footer","format":"standard","meta":{"footnotes":""},"obra_nueva_zonas":[177],"class_list":["post-40095","obra_nueva","type-obra_nueva","status-publish","format-standard","has-post-thumbnail","hentry","obra_nueva_zonas-benahavis"],"yoast_head":"<!-- This site is optimized with the Yoast SEO plugin v27.0 - https:\/\/yoast.com\/product\/yoast-seo-wordpress\/ -->\n<title>AP - ES - 152 - Antara Properties<\/title>\n<meta name=\"description\" content=\"Discover this new residence, an incredible new development in one of Estepona\u2019s most exclusive areas. 38 apartments, 2,3,4 bedrooms.\" \/>\n<meta name=\"robots\" content=\"index, follow, max-snippet:-1, max-image-preview:large, max-video-preview:-1\" \/>\n<link rel=\"canonical\" href=\"https:\/\/www.antaraproperties.com\/fr\/obra_nueva\/ap-es-152\/\" \/>\n<meta property=\"og:locale\" content=\"fr_FR\" \/>\n<meta property=\"og:type\" content=\"article\" \/>\n<meta property=\"og:title\" content=\"AP - ES - 152 - Antara Properties\" \/>\n<meta property=\"og:description\" content=\"Discover this new residence, an incredible new development in one of Estepona\u2019s most exclusive areas. 38 apartments, 2,3,4 bedrooms.\" \/>\n<meta property=\"og:url\" content=\"https:\/\/www.antaraproperties.com\/fr\/obra_nueva\/ap-es-152\/\" \/>\n<meta property=\"og:site_name\" content=\"Antara Properties\" \/>\n<meta property=\"article:publisher\" content=\"https:\/\/www.facebook.com\/people\/Antara-Properties\/100065013463030\/\" \/>\n<meta property=\"article:modified_time\" content=\"2025-07-11T08:45:30+00:00\" \/>\n<meta property=\"og:image\" content=\"https:\/\/www.antaraproperties.com\/wp-content\/uploads\/2025\/07\/balcon-del-mediterraneo-10-scaled.jpg\" \/>\n\t<meta property=\"og:image:width\" content=\"2560\" \/>\n\t<meta property=\"og:image:height\" content=\"1514\" \/>\n\t<meta property=\"og:image:type\" content=\"image\/jpeg\" \/>\n<meta name=\"twitter:card\" content=\"summary_large_image\" \/>\n<meta name=\"twitter:label1\" content=\"Dur\u00e9e de lecture estim\u00e9e\" \/>\n\t<meta name=\"twitter:data1\" content=\"9 minutes\" \/>\n<script type=\"application\/ld+json\" class=\"yoast-schema-graph\">{\"@context\":\"https:\/\/schema.org\",\"@graph\":[{\"@type\":\"WebPage\",\"@id\":\"https:\/\/www.antaraproperties.com\/fr\/obra_nueva\/ap-es-152\/\",\"url\":\"https:\/\/www.antaraproperties.com\/fr\/obra_nueva\/ap-es-152\/\",\"name\":\"AP - ES - 152 - Antara Properties\",\"isPartOf\":{\"@id\":\"https:\/\/www.antaraproperties.com\/fr\/#website\"},\"primaryImageOfPage\":{\"@id\":\"https:\/\/www.antaraproperties.com\/fr\/obra_nueva\/ap-es-152\/#primaryimage\"},\"image\":{\"@id\":\"https:\/\/www.antaraproperties.com\/fr\/obra_nueva\/ap-es-152\/#primaryimage\"},\"thumbnailUrl\":\"https:\/\/www.antaraproperties.com\/wp-content\/uploads\/2025\/07\/balcon-del-mediterraneo-10-scaled.jpg\",\"datePublished\":\"2025-07-04T11:15:07+00:00\",\"dateModified\":\"2025-07-11T08:45:30+00:00\",\"description\":\"Discover this new residence, an incredible new development in one of Estepona\u2019s most exclusive areas. 38 apartments, 2,3,4 bedrooms.\",\"breadcrumb\":{\"@id\":\"https:\/\/www.antaraproperties.com\/fr\/obra_nueva\/ap-es-152\/#breadcrumb\"},\"inLanguage\":\"fr-FR\",\"potentialAction\":[{\"@type\":\"ReadAction\",\"target\":[\"https:\/\/www.antaraproperties.com\/fr\/obra_nueva\/ap-es-152\/\"]}]},{\"@type\":\"ImageObject\",\"inLanguage\":\"fr-FR\",\"@id\":\"https:\/\/www.antaraproperties.com\/fr\/obra_nueva\/ap-es-152\/#primaryimage\",\"url\":\"https:\/\/www.antaraproperties.com\/wp-content\/uploads\/2025\/07\/balcon-del-mediterraneo-10-scaled.jpg\",\"contentUrl\":\"https:\/\/www.antaraproperties.com\/wp-content\/uploads\/2025\/07\/balcon-del-mediterraneo-10-scaled.jpg\",\"width\":2560,\"height\":1514},{\"@type\":\"BreadcrumbList\",\"@id\":\"https:\/\/www.antaraproperties.com\/fr\/obra_nueva\/ap-es-152\/#breadcrumb\",\"itemListElement\":[{\"@type\":\"ListItem\",\"position\":1,\"name\":\"Home\",\"item\":\"https:\/\/www.antaraproperties.com\/fr\/\"},{\"@type\":\"ListItem\",\"position\":2,\"name\":\"Obras Nuevas\",\"item\":\"https:\/\/www.antaraproperties.com\/fr\/obra_nueva\/\"},{\"@type\":\"ListItem\",\"position\":3,\"name\":\"AP &#8211; ES &#8211; 152\"}]},{\"@type\":\"WebSite\",\"@id\":\"https:\/\/www.antaraproperties.com\/fr\/#website\",\"url\":\"https:\/\/www.antaraproperties.com\/fr\/\",\"name\":\"Antara Properties\",\"description\":\"New property developments on the Costa Del Sol\",\"publisher\":{\"@id\":\"https:\/\/www.antaraproperties.com\/fr\/#organization\"},\"potentialAction\":[{\"@type\":\"SearchAction\",\"target\":{\"@type\":\"EntryPoint\",\"urlTemplate\":\"https:\/\/www.antaraproperties.com\/fr\/?s={search_term_string}\"},\"query-input\":{\"@type\":\"PropertyValueSpecification\",\"valueRequired\":true,\"valueName\":\"search_term_string\"}}],\"inLanguage\":\"fr-FR\"},{\"@type\":\"Organization\",\"@id\":\"https:\/\/www.antaraproperties.com\/fr\/#organization\",\"name\":\"Antara Properties\",\"url\":\"https:\/\/www.antaraproperties.com\/fr\/\",\"logo\":{\"@type\":\"ImageObject\",\"inLanguage\":\"fr-FR\",\"@id\":\"https:\/\/www.antaraproperties.com\/fr\/#\/schema\/logo\/image\/\",\"url\":\"https:\/\/www.antaraproperties.com\/wp-content\/uploads\/2023\/06\/logo-antara-yoast.jpg\",\"contentUrl\":\"https:\/\/www.antaraproperties.com\/wp-content\/uploads\/2023\/06\/logo-antara-yoast.jpg\",\"width\":696,\"height\":696,\"caption\":\"Antara Properties\"},\"image\":{\"@id\":\"https:\/\/www.antaraproperties.com\/fr\/#\/schema\/logo\/image\/\"},\"sameAs\":[\"https:\/\/www.facebook.com\/people\/Antara-Properties\/100065013463030\/\",\"https:\/\/www.instagram.com\/antara.properties\/?hl=es\"]}]}<\/script>\n<!-- \/ Yoast SEO plugin. -->","yoast_head_json":{"title":"AP - ES - 152 - Antara Properties","description":"Discover this new residence, an incredible new development in one of Estepona\u2019s most exclusive areas. 38 apartments, 2,3,4 bedrooms.","robots":{"index":"index","follow":"follow","max-snippet":"max-snippet:-1","max-image-preview":"max-image-preview:large","max-video-preview":"max-video-preview:-1"},"canonical":"https:\/\/www.antaraproperties.com\/fr\/obra_nueva\/ap-es-152\/","og_locale":"fr_FR","og_type":"article","og_title":"AP - ES - 152 - Antara Properties","og_description":"Discover this new residence, an incredible new development in one of Estepona\u2019s most exclusive areas. 38 apartments, 2,3,4 bedrooms.","og_url":"https:\/\/www.antaraproperties.com\/fr\/obra_nueva\/ap-es-152\/","og_site_name":"Antara Properties","article_publisher":"https:\/\/www.facebook.com\/people\/Antara-Properties\/100065013463030\/","article_modified_time":"2025-07-11T08:45:30+00:00","og_image":[{"width":2560,"height":1514,"url":"https:\/\/www.antaraproperties.com\/wp-content\/uploads\/2025\/07\/balcon-del-mediterraneo-10-scaled.jpg","type":"image\/jpeg"}],"twitter_card":"summary_large_image","twitter_misc":{"Dur\u00e9e de lecture estim\u00e9e":"9 minutes"},"schema":{"@context":"https:\/\/schema.org","@graph":[{"@type":"WebPage","@id":"https:\/\/www.antaraproperties.com\/fr\/obra_nueva\/ap-es-152\/","url":"https:\/\/www.antaraproperties.com\/fr\/obra_nueva\/ap-es-152\/","name":"AP - ES - 152 - Antara Properties","isPartOf":{"@id":"https:\/\/www.antaraproperties.com\/fr\/#website"},"primaryImageOfPage":{"@id":"https:\/\/www.antaraproperties.com\/fr\/obra_nueva\/ap-es-152\/#primaryimage"},"image":{"@id":"https:\/\/www.antaraproperties.com\/fr\/obra_nueva\/ap-es-152\/#primaryimage"},"thumbnailUrl":"https:\/\/www.antaraproperties.com\/wp-content\/uploads\/2025\/07\/balcon-del-mediterraneo-10-scaled.jpg","datePublished":"2025-07-04T11:15:07+00:00","dateModified":"2025-07-11T08:45:30+00:00","description":"Discover this new residence, an incredible new development in one of Estepona\u2019s most exclusive areas. 38 apartments, 2,3,4 bedrooms.","breadcrumb":{"@id":"https:\/\/www.antaraproperties.com\/fr\/obra_nueva\/ap-es-152\/#breadcrumb"},"inLanguage":"fr-FR","potentialAction":[{"@type":"ReadAction","target":["https:\/\/www.antaraproperties.com\/fr\/obra_nueva\/ap-es-152\/"]}]},{"@type":"ImageObject","inLanguage":"fr-FR","@id":"https:\/\/www.antaraproperties.com\/fr\/obra_nueva\/ap-es-152\/#primaryimage","url":"https:\/\/www.antaraproperties.com\/wp-content\/uploads\/2025\/07\/balcon-del-mediterraneo-10-scaled.jpg","contentUrl":"https:\/\/www.antaraproperties.com\/wp-content\/uploads\/2025\/07\/balcon-del-mediterraneo-10-scaled.jpg","width":2560,"height":1514},{"@type":"BreadcrumbList","@id":"https:\/\/www.antaraproperties.com\/fr\/obra_nueva\/ap-es-152\/#breadcrumb","itemListElement":[{"@type":"ListItem","position":1,"name":"Home","item":"https:\/\/www.antaraproperties.com\/fr\/"},{"@type":"ListItem","position":2,"name":"Obras Nuevas","item":"https:\/\/www.antaraproperties.com\/fr\/obra_nueva\/"},{"@type":"ListItem","position":3,"name":"AP &#8211; ES &#8211; 152"}]},{"@type":"WebSite","@id":"https:\/\/www.antaraproperties.com\/fr\/#website","url":"https:\/\/www.antaraproperties.com\/fr\/","name":"Antara Properties","description":"New property developments on the Costa Del Sol","publisher":{"@id":"https:\/\/www.antaraproperties.com\/fr\/#organization"},"potentialAction":[{"@type":"SearchAction","target":{"@type":"EntryPoint","urlTemplate":"https:\/\/www.antaraproperties.com\/fr\/?s={search_term_string}"},"query-input":{"@type":"PropertyValueSpecification","valueRequired":true,"valueName":"search_term_string"}}],"inLanguage":"fr-FR"},{"@type":"Organization","@id":"https:\/\/www.antaraproperties.com\/fr\/#organization","name":"Antara Properties","url":"https:\/\/www.antaraproperties.com\/fr\/","logo":{"@type":"ImageObject","inLanguage":"fr-FR","@id":"https:\/\/www.antaraproperties.com\/fr\/#\/schema\/logo\/image\/","url":"https:\/\/www.antaraproperties.com\/wp-content\/uploads\/2023\/06\/logo-antara-yoast.jpg","contentUrl":"https:\/\/www.antaraproperties.com\/wp-content\/uploads\/2023\/06\/logo-antara-yoast.jpg","width":696,"height":696,"caption":"Antara Properties"},"image":{"@id":"https:\/\/www.antaraproperties.com\/fr\/#\/schema\/logo\/image\/"},"sameAs":["https:\/\/www.facebook.com\/people\/Antara-Properties\/100065013463030\/","https:\/\/www.instagram.com\/antara.properties\/?hl=es"]}]}},"_links":{"self":[{"href":"https:\/\/www.antaraproperties.com\/fr\/wp-json\/wp\/v2\/obra_nueva\/40095","targetHints":{"allow":["GET"]}}],"collection":[{"href":"https:\/\/www.antaraproperties.com\/fr\/wp-json\/wp\/v2\/obra_nueva"}],"about":[{"href":"https:\/\/www.antaraproperties.com\/fr\/wp-json\/wp\/v2\/types\/obra_nueva"}],"author":[{"embeddable":true,"href":"https:\/\/www.antaraproperties.com\/fr\/wp-json\/wp\/v2\/users\/1"}],"replies":[{"embeddable":true,"href":"https:\/\/www.antaraproperties.com\/fr\/wp-json\/wp\/v2\/comments?post=40095"}],"version-history":[{"count":0,"href":"https:\/\/www.antaraproperties.com\/fr\/wp-json\/wp\/v2\/obra_nueva\/40095\/revisions"}],"wp:featuredmedia":[{"embeddable":true,"href":"https:\/\/www.antaraproperties.com\/fr\/wp-json\/wp\/v2\/media\/39464"}],"wp:attachment":[{"href":"https:\/\/www.antaraproperties.com\/fr\/wp-json\/wp\/v2\/media?parent=40095"}],"wp:term":[{"taxonomy":"obra_nueva_zonas","embeddable":true,"href":"https:\/\/www.antaraproperties.com\/fr\/wp-json\/wp\/v2\/obra_nueva_zonas?post=40095"}],"curies":[{"name":"wp","href":"https:\/\/api.w.org\/{rel}","templated":true}]}}